{"id":10208,"date":"2023-04-11T06:06:18","date_gmt":"2023-04-11T05:06:18","guid":{"rendered":"https:\/\/alteuaire.es\/?page_id=10208"},"modified":"2023-04-11T06:06:19","modified_gmt":"2023-04-11T05:06:19","slug":"sorteo-portaventura","status":"publish","type":"page","link":"https:\/\/alteuaire.es\/es\/sorteo-portaventura\/","title":{"rendered":"Sorteo PortAventura World"},"content":{"rendered":"<div class=\"wpb-content-wrapper\">[vc_row][vc_column][vc_single_image image=\u00bb10204&#8243; img_size=\u00bbfull\u00bb][\/vc_column][\/vc_row][vc_row][vc_column][vc_column_text css=\u00bb.vc_custom_1680674950676{margin-bottom: 0px !important;}\u00bb]\n<h2>\u00a1Gana una estancia de 3 dias en PortAventura World con 1 d\u00eda de entrada a Ferrari Land + Hotel para 4 personas*!<\/h2>\n<p>Reserva una sala de Al teu aire del 11 de Abril al 31 de Mayo de 2023 y participa en el sorteo de una estancia en PortAventura World de 3 d\u00edas \/ 2 noches y 1 d\u00eda de entrada a Ferrari Land (fecha seg\u00fan disponibilidad durante el a\u00f1o 2023) para 2 adultos y 2 menores de 11 a\u00f1os, en hotel dentro del parque en r\u00e9gimen de alojamiento y desayuno.<\/p>\n<p><strong>Condiciones del sorteo:<\/strong><\/p>\n<p>Se realizar\u00e1 el sorteo entre los clientes que formalicen una reserva para realizar una fiesta infantil o familiar en horario de ma\u00f1ana o tarde, del 11 de Abril al 31 de Mayo, en nuestras salas y \u00e9sta deber\u00e1 estar confirmada, es decir, deber\u00e1 haberse hecho la paga y se\u00f1al.<br \/>\nNo se podr\u00e1 canjear el premio detallado en las bases del concurso por el importe econ\u00f3mico del mismo.<br \/>\nFecha del sorteo: 5 de Junio.<\/p>\n<p><a href=\"https:\/\/alteuaire.es\/docs\/bases-legals-sorteig-portaventura.pdf\">*Consulta las bases legales del sorteo.<\/a><\/p>\n<p>Colabora Halc\u00f3n Viajes<\/p>\n<p><img loading=\"lazy\" decoding=\"async\" class=\"wp-image-10298 size-full alignleft\" src=\"https:\/\/alteuaire.es\/wp-content\/uploads\/2023\/04\/logo-halcon-viajes-1.jpg\" alt=\"logo halc\u00f3n viajes\" width=\"150\" height=\"117\" \/>[\/vc_column_text][\/vc_column][\/vc_row]\n<\/div>","protected":false},"excerpt":{"rendered":"<p>[vc_row][vc_column][vc_single_image image=\u00bb10204&#8243; img_size=\u00bbfull\u00bb][\/vc_column][\/vc_row][vc_row][vc_column][vc_column_text css=\u00bb.vc_custom_1680674950676{margin-bottom: 0px !important;}\u00bb] \u00a1Gana una estancia de 3 dias en PortAventura World con 1 d\u00eda de entrada a Ferrari Land + Hotel para 4 personas*! Reserva una sala de Al teu aire del 11 de Abril al 31 de Mayo de 2023 y participa en el sorteo de una estancia en PortAventura [&hellip;]<\/p>\n","protected":false},"author":1,"featured_media":10205,"parent":0,"menu_order":0,"comment_status":"closed","ping_status":"closed","template":"","meta":{"_acf_changed":false,"footnotes":""},"class_list":["post-10208","page","type-page","status-publish","has-post-thumbnail","hentry"],"acf":[],"yoast_head":"<!-- This site is optimized with the Yoast SEO plugin v26.8 - https:\/\/yoast.com\/product\/yoast-seo-wordpress\/ -->\n<title>Sorteo PortAventura World - Al teu aire - Espai L\u00fadic i Privat<\/title>\n<meta name=\"description\" content=\"Reserva una sala de Al teu aire del 11 de Abril al 31 de Mayo y participa en el sorteo de una estancia en PortAventura World para 4 personas*\" \/>\n<meta name=\"robots\" content=\"index, follow, max-snippet:-1, max-image-preview:large, max-video-preview:-1\" \/>\n<link rel=\"canonical\" href=\"https:\/\/alteuaire.es\/es\/sorteo-portaventura\/\" \/>\n<meta property=\"og:locale\" content=\"es_ES\" \/>\n<meta property=\"og:type\" content=\"article\" \/>\n<meta property=\"og:title\" content=\"Sorteo PortAventura World - Al teu aire - Espai L\u00fadic i Privat\" \/>\n<meta property=\"og:description\" content=\"Reserva una sala de Al teu aire del 11 de Abril al 31 de Mayo y participa en el sorteo de una estancia en PortAventura World para 4 personas*\" \/>\n<meta property=\"og:url\" content=\"https:\/\/alteuaire.es\/es\/sorteo-portaventura\/\" \/>\n<meta property=\"og:site_name\" content=\"Al teu aire - Espai L\u00fadic i Privat\" \/>\n<meta property=\"article:publisher\" content=\"https:\/\/www.facebook.com\/alteuaire.franquicies\/\" \/>\n<meta property=\"article:modified_time\" content=\"2023-04-11T05:06:19+00:00\" \/>\n<meta property=\"og:image\" content=\"https:\/\/alteuaire.es\/wp-content\/uploads\/2023\/03\/sorteig-port-aventura-2023.jpg\" \/>\n\t<meta property=\"og:image:width\" content=\"1500\" \/>\n\t<meta property=\"og:image:height\" content=\"845\" \/>\n\t<meta property=\"og:image:type\" content=\"image\/jpeg\" \/>\n<meta name=\"twitter:card\" content=\"summary_large_image\" \/>\n<meta name=\"twitter:site\" content=\"@_alteuaire_\" \/>\n<meta name=\"twitter:label1\" content=\"Tiempo de lectura\" \/>\n\t<meta name=\"twitter:data1\" content=\"2 minutos\" \/>\n<script type=\"application\/ld+json\" class=\"yoast-schema-graph\">{\"@context\":\"https:\/\/schema.org\",\"@graph\":[{\"@type\":\"WebPage\",\"@id\":\"https:\/\/alteuaire.es\/es\/sorteo-portaventura\/\",\"url\":\"https:\/\/alteuaire.es\/es\/sorteo-portaventura\/\",\"name\":\"Sorteo PortAventura World - Al teu aire - Espai L\u00fadic i Privat\",\"isPartOf\":{\"@id\":\"https:\/\/alteuaire.es\/es\/#website\"},\"primaryImageOfPage\":{\"@id\":\"https:\/\/alteuaire.es\/es\/sorteo-portaventura\/#primaryimage\"},\"image\":{\"@id\":\"https:\/\/alteuaire.es\/es\/sorteo-portaventura\/#primaryimage\"},\"thumbnailUrl\":\"https:\/\/alteuaire.es\/wp-content\/uploads\/2023\/03\/sorteig-port-aventura-2023.jpg\",\"datePublished\":\"2023-04-11T05:06:18+00:00\",\"dateModified\":\"2023-04-11T05:06:19+00:00\",\"description\":\"Reserva una sala de Al teu aire del 11 de Abril al 31 de Mayo y participa en el sorteo de una estancia en PortAventura World para 4 personas*\",\"breadcrumb\":{\"@id\":\"https:\/\/alteuaire.es\/es\/sorteo-portaventura\/#breadcrumb\"},\"inLanguage\":\"es\",\"potentialAction\":[{\"@type\":\"ReadAction\",\"target\":[\"https:\/\/alteuaire.es\/es\/sorteo-portaventura\/\"]}]},{\"@type\":\"ImageObject\",\"inLanguage\":\"es\",\"@id\":\"https:\/\/alteuaire.es\/es\/sorteo-portaventura\/#primaryimage\",\"url\":\"https:\/\/alteuaire.es\/wp-content\/uploads\/2023\/03\/sorteig-port-aventura-2023.jpg\",\"contentUrl\":\"https:\/\/alteuaire.es\/wp-content\/uploads\/2023\/03\/sorteig-port-aventura-2023.jpg\",\"width\":1500,\"height\":845,\"caption\":\"Sorteig Port Aventura 2023\"},{\"@type\":\"BreadcrumbList\",\"@id\":\"https:\/\/alteuaire.es\/es\/sorteo-portaventura\/#breadcrumb\",\"itemListElement\":[{\"@type\":\"ListItem\",\"position\":1,\"name\":\"Inici\",\"item\":\"https:\/\/alteuaire.es\/es\/\"},{\"@type\":\"ListItem\",\"position\":2,\"name\":\"Sorteo PortAventura World\"}]},{\"@type\":\"WebSite\",\"@id\":\"https:\/\/alteuaire.es\/es\/#website\",\"url\":\"https:\/\/alteuaire.es\/es\/\",\"name\":\"Al teu aire - Espai L\u00fadic i Privat\",\"description\":\"Alteuaire - Sales de festes privades de lloguer per aniversaris infantils y altres celebracions.\",\"publisher\":{\"@id\":\"https:\/\/alteuaire.es\/es\/#organization\"},\"potentialAction\":[{\"@type\":\"SearchAction\",\"target\":{\"@type\":\"EntryPoint\",\"urlTemplate\":\"https:\/\/alteuaire.es\/es\/?s={search_term_string}\"},\"query-input\":{\"@type\":\"PropertyValueSpecification\",\"valueRequired\":true,\"valueName\":\"search_term_string\"}}],\"inLanguage\":\"es\"},{\"@type\":\"Organization\",\"@id\":\"https:\/\/alteuaire.es\/es\/#organization\",\"name\":\"Alteuaire franquicies - Espai l\u00fadic i privat\",\"url\":\"https:\/\/alteuaire.es\/es\/\",\"logo\":{\"@type\":\"ImageObject\",\"inLanguage\":\"es\",\"@id\":\"https:\/\/alteuaire.es\/es\/#\/schema\/logo\/image\/\",\"url\":\"https:\/\/alteuaire.es\/wp-content\/uploads\/2016\/04\/alteauire.jpg\",\"contentUrl\":\"https:\/\/alteuaire.es\/wp-content\/uploads\/2016\/04\/alteauire.jpg\",\"width\":4606,\"height\":1920,\"caption\":\"Alteuaire franquicies - Espai l\u00fadic i privat\"},\"image\":{\"@id\":\"https:\/\/alteuaire.es\/es\/#\/schema\/logo\/image\/\"},\"sameAs\":[\"https:\/\/www.facebook.com\/alteuaire.franquicies\/\",\"https:\/\/x.com\/_alteuaire_\",\"https:\/\/www.instagram.com\/_alteuaire_\/\",\"https:\/\/es.pinterest.com\/alteuaire\/\"]}]}<\/script>\n<!-- \/ Yoast SEO plugin. -->","yoast_head_json":{"title":"Sorteo PortAventura World - Al teu aire - Espai L\u00fadic i Privat","description":"Reserva una sala de Al teu aire del 11 de Abril al 31 de Mayo y participa en el sorteo de una estancia en PortAventura World para 4 personas*","robots":{"index":"index","follow":"follow","max-snippet":"max-snippet:-1","max-image-preview":"max-image-preview:large","max-video-preview":"max-video-preview:-1"},"canonical":"https:\/\/alteuaire.es\/es\/sorteo-portaventura\/","og_locale":"es_ES","og_type":"article","og_title":"Sorteo PortAventura World - Al teu aire - Espai L\u00fadic i Privat","og_description":"Reserva una sala de Al teu aire del 11 de Abril al 31 de Mayo y participa en el sorteo de una estancia en PortAventura World para 4 personas*","og_url":"https:\/\/alteuaire.es\/es\/sorteo-portaventura\/","og_site_name":"Al teu aire - Espai L\u00fadic i Privat","article_publisher":"https:\/\/www.facebook.com\/alteuaire.franquicies\/","article_modified_time":"2023-04-11T05:06:19+00:00","og_image":[{"width":1500,"height":845,"url":"https:\/\/alteuaire.es\/wp-content\/uploads\/2023\/03\/sorteig-port-aventura-2023.jpg","type":"image\/jpeg"}],"twitter_card":"summary_large_image","twitter_site":"@_alteuaire_","twitter_misc":{"Tiempo de lectura":"2 minutos"},"schema":{"@context":"https:\/\/schema.org","@graph":[{"@type":"WebPage","@id":"https:\/\/alteuaire.es\/es\/sorteo-portaventura\/","url":"https:\/\/alteuaire.es\/es\/sorteo-portaventura\/","name":"Sorteo PortAventura World - Al teu aire - Espai L\u00fadic i Privat","isPartOf":{"@id":"https:\/\/alteuaire.es\/es\/#website"},"primaryImageOfPage":{"@id":"https:\/\/alteuaire.es\/es\/sorteo-portaventura\/#primaryimage"},"image":{"@id":"https:\/\/alteuaire.es\/es\/sorteo-portaventura\/#primaryimage"},"thumbnailUrl":"https:\/\/alteuaire.es\/wp-content\/uploads\/2023\/03\/sorteig-port-aventura-2023.jpg","datePublished":"2023-04-11T05:06:18+00:00","dateModified":"2023-04-11T05:06:19+00:00","description":"Reserva una sala de Al teu aire del 11 de Abril al 31 de Mayo y participa en el sorteo de una estancia en PortAventura World para 4 personas*","breadcrumb":{"@id":"https:\/\/alteuaire.es\/es\/sorteo-portaventura\/#breadcrumb"},"inLanguage":"es","potentialAction":[{"@type":"ReadAction","target":["https:\/\/alteuaire.es\/es\/sorteo-portaventura\/"]}]},{"@type":"ImageObject","inLanguage":"es","@id":"https:\/\/alteuaire.es\/es\/sorteo-portaventura\/#primaryimage","url":"https:\/\/alteuaire.es\/wp-content\/uploads\/2023\/03\/sorteig-port-aventura-2023.jpg","contentUrl":"https:\/\/alteuaire.es\/wp-content\/uploads\/2023\/03\/sorteig-port-aventura-2023.jpg","width":1500,"height":845,"caption":"Sorteig Port Aventura 2023"},{"@type":"BreadcrumbList","@id":"https:\/\/alteuaire.es\/es\/sorteo-portaventura\/#breadcrumb","itemListElement":[{"@type":"ListItem","position":1,"name":"Inici","item":"https:\/\/alteuaire.es\/es\/"},{"@type":"ListItem","position":2,"name":"Sorteo PortAventura World"}]},{"@type":"WebSite","@id":"https:\/\/alteuaire.es\/es\/#website","url":"https:\/\/alteuaire.es\/es\/","name":"Al teu aire - Espai L\u00fadic i Privat","description":"Alteuaire - Sales de festes privades de lloguer per aniversaris infantils y altres celebracions.","publisher":{"@id":"https:\/\/alteuaire.es\/es\/#organization"},"potentialAction":[{"@type":"SearchAction","target":{"@type":"EntryPoint","urlTemplate":"https:\/\/alteuaire.es\/es\/?s={search_term_string}"},"query-input":{"@type":"PropertyValueSpecification","valueRequired":true,"valueName":"search_term_string"}}],"inLanguage":"es"},{"@type":"Organization","@id":"https:\/\/alteuaire.es\/es\/#organization","name":"Alteuaire franquicies - Espai l\u00fadic i privat","url":"https:\/\/alteuaire.es\/es\/","logo":{"@type":"ImageObject","inLanguage":"es","@id":"https:\/\/alteuaire.es\/es\/#\/schema\/logo\/image\/","url":"https:\/\/alteuaire.es\/wp-content\/uploads\/2016\/04\/alteauire.jpg","contentUrl":"https:\/\/alteuaire.es\/wp-content\/uploads\/2016\/04\/alteauire.jpg","width":4606,"height":1920,"caption":"Alteuaire franquicies - Espai l\u00fadic i privat"},"image":{"@id":"https:\/\/alteuaire.es\/es\/#\/schema\/logo\/image\/"},"sameAs":["https:\/\/www.facebook.com\/alteuaire.franquicies\/","https:\/\/x.com\/_alteuaire_","https:\/\/www.instagram.com\/_alteuaire_\/","https:\/\/es.pinterest.com\/alteuaire\/"]}]}},"publishpress_future_action":{"enabled":false,"date":"2026-05-07 03:20:38","action":"change-status","newStatus":"draft","terms":[],"taxonomy":"translation_priority","extraData":[]},"publishpress_future_workflow_manual_trigger":{"enabledWorkflows":[]},"_links":{"self":[{"href":"https:\/\/alteuaire.es\/es\/wp-json\/wp\/v2\/pages\/10208","targetHints":{"allow":["GET"]}}],"collection":[{"href":"https:\/\/alteuaire.es\/es\/wp-json\/wp\/v2\/pages"}],"about":[{"href":"https:\/\/alteuaire.es\/es\/wp-json\/wp\/v2\/types\/page"}],"author":[{"embeddable":true,"href":"https:\/\/alteuaire.es\/es\/wp-json\/wp\/v2\/users\/1"}],"replies":[{"embeddable":true,"href":"https:\/\/alteuaire.es\/es\/wp-json\/wp\/v2\/comments?post=10208"}],"version-history":[{"count":0,"href":"https:\/\/alteuaire.es\/es\/wp-json\/wp\/v2\/pages\/10208\/revisions"}],"wp:featuredmedia":[{"embeddable":true,"href":"https:\/\/alteuaire.es\/es\/wp-json\/wp\/v2\/media\/10205"}],"wp:attachment":[{"href":"https:\/\/alteuaire.es\/es\/wp-json\/wp\/v2\/media?parent=10208"}],"curies":[{"name":"wp","href":"https:\/\/api.w.org\/{rel}","templated":true}]}}