{"id":11846,"date":"2024-03-25T13:08:11","date_gmt":"2024-03-25T12:08:11","guid":{"rendered":"https:\/\/alteuaire.es\/?page_id=11846"},"modified":"2025-09-17T10:00:13","modified_gmt":"2025-09-17T09:00:13","slug":"fotomaton-plataforma-360","status":"publish","type":"page","link":"https:\/\/alteuaire.es\/es\/serveis\/fotomaton-plataforma-360\/","title":{"rendered":"Fotomat\u00f3n y Plataforma 360"},"content":{"rendered":"<div class=\"wpb-content-wrapper\">[vc_row][vc_column][vc_column_text css=\u00bb.vc_custom_1758099531276{margin-bottom: 0px !important;}\u00bb]\n<h2>Fotomat\u00f3n y plataforma 360 para fiestas y eventos<\/h2>\n[\/vc_column_text][vc_column_text css=\u00bb.vc_custom_1758099583256{margin-bottom: 0px !important;}\u00bb]Con el fotomat\u00f3n y la plataforma 360 creamos momentos de lo m\u00e1s divertidos y un sinf\u00edn de recuerdos originales. El Fotomat\u00f3n y la Plataforma 360 ser\u00e1n una de las experiencias m\u00e1s esperadas por todos los invitados.<\/p>\n<p>\u00a1Marcad la diferencia con esta propuesta que llevar\u00e1 vuestra celebraci\u00f3n a otro nivel y capturar el momento de la manera m\u00e1s original!<br \/>\n<strong>\u00a1Convertid vuestra celebraci\u00f3n en algo inolvidable!<\/strong>[\/vc_column_text][mk_padding_divider][\/vc_column][\/vc_row][vc_row][vc_column width=\u00bb1\/2&#8243;][mk_image src=\u00bbhttps:\/\/alteuaire.es\/wp-content\/uploads\/2024\/03\/fotomaton-para-fiestas.jpg\u00bb image_size=\u00bblarge\u00bb][mk_padding_divider][\/vc_column][vc_column width=\u00bb1\/2&#8243;][vc_column_text css=\u00bb.vc_custom_1711366980545{margin-bottom: 0px !important;}\u00bb]\n<h2>Servicio de Fotomat\u00f3n<\/h2>\n[\/vc_column_text][mk_custom_list]\n<ul>\n<li>Fotos ilimitadas (calidad DSLR profesional)<\/li>\n<li>GIFs animados<\/li>\n<li>Fotograf\u00edas (tama\u00f1os 5&#215;15 o 10&#215;15)<\/li>\n<li>Atrezo divertido premium<\/li>\n<li>Personalizaci\u00f3n (logo y texto)<\/li>\n<li>Asistencia durante todo el evento<\/li>\n<li>Pendrive con todas las im\u00e1genes<\/li>\n<li>\u00c1lbum personalizado para dedicatorias<\/li>\n<li>Rotuladores y stickers para el \u00e1lbum<\/li>\n<li>Transporte y montaje<\/li>\n<li>Enlace galer\u00eda digital<\/li>\n<li>Transporte incluido hasta 50 km desde Barcelona. Para m\u00e1s distancia consultar.<\/li>\n<\/ul>\n[\/mk_custom_list][\/vc_column][\/vc_row][vc_row][vc_column][mk_padding_divider][\/vc_column][\/vc_row][vc_row][vc_column width=\u00bb1\/2&#8243;][mk_image src=\u00bbhttps:\/\/alteuaire.es\/wp-content\/uploads\/2024\/03\/plataforma-360-selfie-fiestas.jpg\u00bb image_size=\u00bblarge\u00bb][mk_padding_divider][\/vc_column][vc_column width=\u00bb1\/2&#8243;][vc_column_text css=\u00bb.vc_custom_1711367001721{margin-bottom: 0px !important;}\u00bb]\n<h2>Servicio de Plataforma 360\u00ba<\/h2>\n[\/vc_column_text][mk_custom_list]\n<ul>\n<li>Plataforma de 1 m de dia\u0301metro para 5 personas<\/li>\n<li>Asistencia durante todo el evento<\/li>\n<li>Vi\u0301deos personalizados con logos, mu\u0301sica y textos<\/li>\n<li>Ca\u0301mara de alta definicio\u0301n<\/li>\n<li>Atrezo divertido premium<\/li>\n<li>Descarga de vi\u0301deos al instante (QR, SMS, WhatsApp, AirDrop y email)<\/li>\n<li>Iluminacio\u0301n profesional<\/li>\n<li>Catenarias de seguridad<\/li>\n<li>Montaje y desmontaje<\/li>\n<li>Enlace galer\u00eda digital<\/li>\n<li>Transporte incluido hasta 50 km desde Barcelona. Para m\u00e1s distancia consultar.<\/li>\n<\/ul>\n[\/mk_custom_list][\/vc_column][\/vc_row][vc_row][vc_column][vc_column_text css=\u00bb.vc_custom_1711366558153{margin-bottom: 0px !important;}\u00bb]\n<h3><strong>A partir de 300\u20ac<\/strong><\/h3>\n[\/vc_column_text][mk_padding_divider][\/vc_column][\/vc_row][vc_row][vc_column][vc_column_text css=\u00bb.vc_custom_1758099600239{margin-bottom: 0px !important;}\u00bb]\n<h3>Contacto<\/h3>\n<p><a href=\"tel:722 324 776\">+34 722 324 776<\/a><br \/>\n<a href=\"mailito:eventos@alteuaire.es\">eventos@alteuaire.es<\/a>[\/vc_column_text][\/vc_column][\/vc_row]\n<\/div>","protected":false},"excerpt":{"rendered":"<p>[vc_row][vc_column][vc_column_text css=\u00bb.vc_custom_1758099531276{margin-bottom: 0px !important;}\u00bb] Fotomat\u00f3n y plataforma 360 para fiestas y eventos [\/vc_column_text][vc_column_text css=\u00bb.vc_custom_1758099583256{margin-bottom: 0px !important;}\u00bb]Con el fotomat\u00f3n y la plataforma 360 creamos momentos de lo m\u00e1s divertidos y un sinf\u00edn de recuerdos originales. El Fotomat\u00f3n y la Plataforma 360 ser\u00e1n una de las experiencias m\u00e1s esperadas por todos los invitados. \u00a1Marcad la diferencia con [&hellip;]<\/p>\n","protected":false},"author":1,"featured_media":11862,"parent":2456,"menu_order":0,"comment_status":"closed","ping_status":"closed","template":"","meta":{"_acf_changed":false,"footnotes":""},"class_list":["post-11846","page","type-page","status-publish","has-post-thumbnail","hentry"],"acf":[],"yoast_head":"<!-- This site is optimized with the Yoast SEO plugin v26.8 - https:\/\/yoast.com\/product\/yoast-seo-wordpress\/ -->\n<title>Fotomat\u00f3n y Plataforma 360 - Al teu aire - Espai L\u00fadic i Privat<\/title>\n<meta name=\"description\" content=\"Vive momentos muy divertidos con el Fotomat\u00f3n y la plataforma selfie 360, creando recuerdos originales para tus fiestas o eventos.\" \/>\n<meta name=\"robots\" content=\"index, follow, max-snippet:-1, max-image-preview:large, max-video-preview:-1\" \/>\n<link rel=\"canonical\" href=\"https:\/\/alteuaire.es\/es\/serveis\/fotomaton-plataforma-360\/\" \/>\n<meta property=\"og:locale\" content=\"es_ES\" \/>\n<meta property=\"og:type\" content=\"article\" \/>\n<meta property=\"og:title\" content=\"Fotomat\u00f3n y Plataforma 360 - Al teu aire - Espai L\u00fadic i Privat\" \/>\n<meta property=\"og:description\" content=\"Vive momentos muy divertidos con el Fotomat\u00f3n y la plataforma selfie 360, creando recuerdos originales para tus fiestas o eventos.\" \/>\n<meta property=\"og:url\" content=\"https:\/\/alteuaire.es\/es\/serveis\/fotomaton-plataforma-360\/\" \/>\n<meta property=\"og:site_name\" content=\"Al teu aire - Espai L\u00fadic i Privat\" \/>\n<meta property=\"article:publisher\" content=\"https:\/\/www.facebook.com\/alteuaire.franquicies\/\" \/>\n<meta property=\"article:modified_time\" content=\"2025-09-17T09:00:13+00:00\" \/>\n<meta property=\"og:image\" content=\"https:\/\/alteuaire.es\/wp-content\/uploads\/2024\/03\/fotomaton-para-fiestas-full.jpg\" \/>\n\t<meta property=\"og:image:width\" content=\"1400\" \/>\n\t<meta property=\"og:image:height\" content=\"1050\" \/>\n\t<meta property=\"og:image:type\" content=\"image\/jpeg\" \/>\n<meta name=\"twitter:card\" content=\"summary_large_image\" \/>\n<meta name=\"twitter:site\" content=\"@_alteuaire_\" \/>\n<meta name=\"twitter:label1\" content=\"Tiempo de lectura\" \/>\n\t<meta name=\"twitter:data1\" content=\"2 minutos\" \/>\n<script type=\"application\/ld+json\" class=\"yoast-schema-graph\">{\"@context\":\"https:\/\/schema.org\",\"@graph\":[{\"@type\":\"WebPage\",\"@id\":\"https:\/\/alteuaire.es\/es\/serveis\/fotomaton-plataforma-360\/\",\"url\":\"https:\/\/alteuaire.es\/es\/serveis\/fotomaton-plataforma-360\/\",\"name\":\"Fotomat\u00f3n y Plataforma 360 - Al teu aire - Espai L\u00fadic i Privat\",\"isPartOf\":{\"@id\":\"https:\/\/alteuaire.es\/es\/#website\"},\"primaryImageOfPage\":{\"@id\":\"https:\/\/alteuaire.es\/es\/serveis\/fotomaton-plataforma-360\/#primaryimage\"},\"image\":{\"@id\":\"https:\/\/alteuaire.es\/es\/serveis\/fotomaton-plataforma-360\/#primaryimage\"},\"thumbnailUrl\":\"https:\/\/alteuaire.es\/wp-content\/uploads\/2024\/03\/fotomaton-para-fiestas-full.jpg\",\"datePublished\":\"2024-03-25T12:08:11+00:00\",\"dateModified\":\"2025-09-17T09:00:13+00:00\",\"description\":\"Vive momentos muy divertidos con el Fotomat\u00f3n y la plataforma selfie 360, creando recuerdos originales para tus fiestas o eventos.\",\"breadcrumb\":{\"@id\":\"https:\/\/alteuaire.es\/es\/serveis\/fotomaton-plataforma-360\/#breadcrumb\"},\"inLanguage\":\"es\",\"potentialAction\":[{\"@type\":\"ReadAction\",\"target\":[\"https:\/\/alteuaire.es\/es\/serveis\/fotomaton-plataforma-360\/\"]}]},{\"@type\":\"ImageObject\",\"inLanguage\":\"es\",\"@id\":\"https:\/\/alteuaire.es\/es\/serveis\/fotomaton-plataforma-360\/#primaryimage\",\"url\":\"https:\/\/alteuaire.es\/wp-content\/uploads\/2024\/03\/fotomaton-para-fiestas-full.jpg\",\"contentUrl\":\"https:\/\/alteuaire.es\/wp-content\/uploads\/2024\/03\/fotomaton-para-fiestas-full.jpg\",\"width\":1400,\"height\":1050,\"caption\":\"fotomaton para fiestas\"},{\"@type\":\"BreadcrumbList\",\"@id\":\"https:\/\/alteuaire.es\/es\/serveis\/fotomaton-plataforma-360\/#breadcrumb\",\"itemListElement\":[{\"@type\":\"ListItem\",\"position\":1,\"name\":\"Inici\",\"item\":\"https:\/\/alteuaire.es\/es\/\"},{\"@type\":\"ListItem\",\"position\":2,\"name\":\"Servicios\",\"item\":\"https:\/\/alteuaire.es\/es\/serveis\/\"},{\"@type\":\"ListItem\",\"position\":3,\"name\":\"Fotomat\u00f3n y Plataforma 360\"}]},{\"@type\":\"WebSite\",\"@id\":\"https:\/\/alteuaire.es\/es\/#website\",\"url\":\"https:\/\/alteuaire.es\/es\/\",\"name\":\"Al teu aire - Espai L\u00fadic i Privat\",\"description\":\"Alteuaire - Sales de festes privades de lloguer per aniversaris infantils y altres celebracions.\",\"publisher\":{\"@id\":\"https:\/\/alteuaire.es\/es\/#organization\"},\"potentialAction\":[{\"@type\":\"SearchAction\",\"target\":{\"@type\":\"EntryPoint\",\"urlTemplate\":\"https:\/\/alteuaire.es\/es\/?s={search_term_string}\"},\"query-input\":{\"@type\":\"PropertyValueSpecification\",\"valueRequired\":true,\"valueName\":\"search_term_string\"}}],\"inLanguage\":\"es\"},{\"@type\":\"Organization\",\"@id\":\"https:\/\/alteuaire.es\/es\/#organization\",\"name\":\"Alteuaire franquicies - Espai l\u00fadic i privat\",\"url\":\"https:\/\/alteuaire.es\/es\/\",\"logo\":{\"@type\":\"ImageObject\",\"inLanguage\":\"es\",\"@id\":\"https:\/\/alteuaire.es\/es\/#\/schema\/logo\/image\/\",\"url\":\"https:\/\/alteuaire.es\/wp-content\/uploads\/2016\/04\/alteauire.jpg\",\"contentUrl\":\"https:\/\/alteuaire.es\/wp-content\/uploads\/2016\/04\/alteauire.jpg\",\"width\":4606,\"height\":1920,\"caption\":\"Alteuaire franquicies - Espai l\u00fadic i privat\"},\"image\":{\"@id\":\"https:\/\/alteuaire.es\/es\/#\/schema\/logo\/image\/\"},\"sameAs\":[\"https:\/\/www.facebook.com\/alteuaire.franquicies\/\",\"https:\/\/x.com\/_alteuaire_\",\"https:\/\/www.instagram.com\/_alteuaire_\/\",\"https:\/\/es.pinterest.com\/alteuaire\/\"]}]}<\/script>\n<!-- \/ Yoast SEO plugin. -->","yoast_head_json":{"title":"Fotomat\u00f3n y Plataforma 360 - Al teu aire - Espai L\u00fadic i Privat","description":"Vive momentos muy divertidos con el Fotomat\u00f3n y la plataforma selfie 360, creando recuerdos originales para tus fiestas o eventos.","robots":{"index":"index","follow":"follow","max-snippet":"max-snippet:-1","max-image-preview":"max-image-preview:large","max-video-preview":"max-video-preview:-1"},"canonical":"https:\/\/alteuaire.es\/es\/serveis\/fotomaton-plataforma-360\/","og_locale":"es_ES","og_type":"article","og_title":"Fotomat\u00f3n y Plataforma 360 - Al teu aire - Espai L\u00fadic i Privat","og_description":"Vive momentos muy divertidos con el Fotomat\u00f3n y la plataforma selfie 360, creando recuerdos originales para tus fiestas o eventos.","og_url":"https:\/\/alteuaire.es\/es\/serveis\/fotomaton-plataforma-360\/","og_site_name":"Al teu aire - Espai L\u00fadic i Privat","article_publisher":"https:\/\/www.facebook.com\/alteuaire.franquicies\/","article_modified_time":"2025-09-17T09:00:13+00:00","og_image":[{"width":1400,"height":1050,"url":"https:\/\/alteuaire.es\/wp-content\/uploads\/2024\/03\/fotomaton-para-fiestas-full.jpg","type":"image\/jpeg"}],"twitter_card":"summary_large_image","twitter_site":"@_alteuaire_","twitter_misc":{"Tiempo de lectura":"2 minutos"},"schema":{"@context":"https:\/\/schema.org","@graph":[{"@type":"WebPage","@id":"https:\/\/alteuaire.es\/es\/serveis\/fotomaton-plataforma-360\/","url":"https:\/\/alteuaire.es\/es\/serveis\/fotomaton-plataforma-360\/","name":"Fotomat\u00f3n y Plataforma 360 - Al teu aire - Espai L\u00fadic i Privat","isPartOf":{"@id":"https:\/\/alteuaire.es\/es\/#website"},"primaryImageOfPage":{"@id":"https:\/\/alteuaire.es\/es\/serveis\/fotomaton-plataforma-360\/#primaryimage"},"image":{"@id":"https:\/\/alteuaire.es\/es\/serveis\/fotomaton-plataforma-360\/#primaryimage"},"thumbnailUrl":"https:\/\/alteuaire.es\/wp-content\/uploads\/2024\/03\/fotomaton-para-fiestas-full.jpg","datePublished":"2024-03-25T12:08:11+00:00","dateModified":"2025-09-17T09:00:13+00:00","description":"Vive momentos muy divertidos con el Fotomat\u00f3n y la plataforma selfie 360, creando recuerdos originales para tus fiestas o eventos.","breadcrumb":{"@id":"https:\/\/alteuaire.es\/es\/serveis\/fotomaton-plataforma-360\/#breadcrumb"},"inLanguage":"es","potentialAction":[{"@type":"ReadAction","target":["https:\/\/alteuaire.es\/es\/serveis\/fotomaton-plataforma-360\/"]}]},{"@type":"ImageObject","inLanguage":"es","@id":"https:\/\/alteuaire.es\/es\/serveis\/fotomaton-plataforma-360\/#primaryimage","url":"https:\/\/alteuaire.es\/wp-content\/uploads\/2024\/03\/fotomaton-para-fiestas-full.jpg","contentUrl":"https:\/\/alteuaire.es\/wp-content\/uploads\/2024\/03\/fotomaton-para-fiestas-full.jpg","width":1400,"height":1050,"caption":"fotomaton para fiestas"},{"@type":"BreadcrumbList","@id":"https:\/\/alteuaire.es\/es\/serveis\/fotomaton-plataforma-360\/#breadcrumb","itemListElement":[{"@type":"ListItem","position":1,"name":"Inici","item":"https:\/\/alteuaire.es\/es\/"},{"@type":"ListItem","position":2,"name":"Servicios","item":"https:\/\/alteuaire.es\/es\/serveis\/"},{"@type":"ListItem","position":3,"name":"Fotomat\u00f3n y Plataforma 360"}]},{"@type":"WebSite","@id":"https:\/\/alteuaire.es\/es\/#website","url":"https:\/\/alteuaire.es\/es\/","name":"Al teu aire - Espai L\u00fadic i Privat","description":"Alteuaire - Sales de festes privades de lloguer per aniversaris infantils y altres celebracions.","publisher":{"@id":"https:\/\/alteuaire.es\/es\/#organization"},"potentialAction":[{"@type":"SearchAction","target":{"@type":"EntryPoint","urlTemplate":"https:\/\/alteuaire.es\/es\/?s={search_term_string}"},"query-input":{"@type":"PropertyValueSpecification","valueRequired":true,"valueName":"search_term_string"}}],"inLanguage":"es"},{"@type":"Organization","@id":"https:\/\/alteuaire.es\/es\/#organization","name":"Alteuaire franquicies - Espai l\u00fadic i privat","url":"https:\/\/alteuaire.es\/es\/","logo":{"@type":"ImageObject","inLanguage":"es","@id":"https:\/\/alteuaire.es\/es\/#\/schema\/logo\/image\/","url":"https:\/\/alteuaire.es\/wp-content\/uploads\/2016\/04\/alteauire.jpg","contentUrl":"https:\/\/alteuaire.es\/wp-content\/uploads\/2016\/04\/alteauire.jpg","width":4606,"height":1920,"caption":"Alteuaire franquicies - Espai l\u00fadic i privat"},"image":{"@id":"https:\/\/alteuaire.es\/es\/#\/schema\/logo\/image\/"},"sameAs":["https:\/\/www.facebook.com\/alteuaire.franquicies\/","https:\/\/x.com\/_alteuaire_","https:\/\/www.instagram.com\/_alteuaire_\/","https:\/\/es.pinterest.com\/alteuaire\/"]}]}},"publishpress_future_action":{"enabled":false,"date":"2026-05-06 10:34:33","action":"change-status","newStatus":"draft","terms":[],"taxonomy":"translation_priority","extraData":[]},"publishpress_future_workflow_manual_trigger":{"enabledWorkflows":[]},"_links":{"self":[{"href":"https:\/\/alteuaire.es\/es\/wp-json\/wp\/v2\/pages\/11846","targetHints":{"allow":["GET"]}}],"collection":[{"href":"https:\/\/alteuaire.es\/es\/wp-json\/wp\/v2\/pages"}],"about":[{"href":"https:\/\/alteuaire.es\/es\/wp-json\/wp\/v2\/types\/page"}],"author":[{"embeddable":true,"href":"https:\/\/alteuaire.es\/es\/wp-json\/wp\/v2\/users\/1"}],"replies":[{"embeddable":true,"href":"https:\/\/alteuaire.es\/es\/wp-json\/wp\/v2\/comments?post=11846"}],"version-history":[{"count":0,"href":"https:\/\/alteuaire.es\/es\/wp-json\/wp\/v2\/pages\/11846\/revisions"}],"up":[{"embeddable":true,"href":"https:\/\/alteuaire.es\/es\/wp-json\/wp\/v2\/pages\/2456"}],"wp:featuredmedia":[{"embeddable":true,"href":"https:\/\/alteuaire.es\/es\/wp-json\/wp\/v2\/media\/11862"}],"wp:attachment":[{"href":"https:\/\/alteuaire.es\/es\/wp-json\/wp\/v2\/media?parent=11846"}],"curies":[{"name":"wp","href":"https:\/\/api.w.org\/{rel}","templated":true}]}}