{"id":1977,"date":"2016-03-23T11:55:30","date_gmt":"2016-03-23T10:55:30","guid":{"rendered":"https:\/\/alteuaire.es\/es\/?page_id=1977"},"modified":"2025-12-23T16:40:59","modified_gmt":"2025-12-23T15:40:59","slug":"animacion-infantil","status":"publish","type":"page","link":"https:\/\/alteuaire.es\/es\/serveis\/animacion-infantil\/","title":{"rendered":"Animaci\u00f3n Infantil"},"content":{"rendered":"<div class=\"wpb-content-wrapper\">[vc_row][vc_column][vc_column_text]Animaci\u00f3n infantil SEDI en colaboraci\u00f3n con Al Teu Aire, pone a tu disposici\u00f3n un servicio exclusivo de animaci\u00f3n infantil y adultos en la provincia de Barcelona para nuestras salas con el objetivo de completar vuestra celebraci\u00f3n, para que tanto los ni\u00f1os como los adultos disfrut\u00e9is y particip\u00e9is de la fiesta. \u00a1Organizar una fiesta divertida y completa nunca ha sido tan f\u00e1cil![\/vc_column_text][mk_padding_divider size=\u00bb20&#8243;][vc_column_text css=\u00bb.vc_custom_1699627079345{margin-bottom: 0px !important;}\u00bb]\n<h2>Animaci\u00f3n\u00a0Infantil<\/h2>\n[\/vc_column_text][mk_padding_divider][\/vc_column][\/vc_row][vc_row][vc_column width=\u00bb1\/2&#8243;][vc_single_image image=\u00bb10919&#8243; img_size=\u00bb400&#215;300&#8243; alignment=\u00bbcenter\u00bb][\/vc_column][vc_column width=\u00bb1\/2&#8243;][vc_column_text css=\u00bb.vc_custom_1704452127961{margin-bottom: 0px !important;}\u00bb]\n<h3>Animaci\u00f3n b\u00e1sica 60 min.<\/h3>\n<p>Actuaci\u00f3n en la que un animador infantil realiza bailes y juegos variados adaptados a la edad. Para finalizar realiza un pinta caras sencillo y ayuda en la entrega del pastel.<\/p>\n<p><strong>Precio: 130 \u20ac<\/strong><br \/>\n<strong>Precio segundo animador: 60 \u20ac<\/strong> (se recomienda a partir de 20 ni\u00f1os)[\/vc_column_text][\/vc_column][vc_column][mk_divider style=\u00bbthin_solid\u00bb margin_bottom=\u00bb45&#8243;][\/vc_column][\/vc_row][vc_row][vc_column width=\u00bb1\/2&#8243;][vc_single_image image=\u00bb10925&#8243; img_size=\u00bb400&#215;300&#8243; alignment=\u00bbcenter\u00bb][\/vc_column][vc_column width=\u00bb1\/2&#8243;][vc_column_text css=\u00bb.vc_custom_1704452144508{margin-bottom: 0px !important;}\u00bb]\n<h3>Animaci\u00f3n b\u00e1sica 90 min.<\/h3>\n<p>Actuaci\u00f3n en la que un animador infantil realiza bailes y juegos variados adaptados a la edad. Para finalizar realiza un pinta caras sencillo y ayuda en la entrega del pastel.<\/p>\n<p><strong>Precio: 160 \u20ac<\/strong><br \/>\n<strong>Precio segundo animador: 70 \u20ac<\/strong> (se recomienda a partir de 20 ni\u00f1os)[\/vc_column_text][\/vc_column][vc_column][mk_divider style=\u00bbthin_solid\u00bb margin_bottom=\u00bb45&#8243;][\/vc_column][\/vc_row][vc_row][vc_column width=\u00bb1\/2&#8243;][vc_single_image image=\u00bb12253&#8243; img_size=\u00bb400&#215;300&#8243; alignment=\u00bbcenter\u00bb css=\u00bb\u00bb][\/vc_column][vc_column width=\u00bb1\/2&#8243;][vc_column_text css=\u00bb.vc_custom_1699627129315{margin-bottom: 0px !important;}\u00bb]\n<h3>Animaci\u00f3n b\u00e1sica + Personaje 90 min.<\/h3>\n<p>Actuaci\u00f3n en la que un animador infantil realiza bailes y juegos variados adaptados a la edad. Para finalizar realiza un pinta caras sencillo y la ayuda de la entrega del pastel la hace caracterizado de un personaje.<\/p>\n<p><strong>Precio: 190 \u20ac<\/strong>[\/vc_column_text][\/vc_column][vc_column][mk_divider style=\u00bbthin_solid\u00bb margin_bottom=\u00bb45&#8243;][\/vc_column][\/vc_row][vc_row][vc_column width=\u00bb1\/2&#8243;][vc_single_image image=\u00bb10921&#8243; img_size=\u00bb400&#215;300&#8243; alignment=\u00bbcenter\u00bb][\/vc_column][vc_column width=\u00bb1\/2&#8243;][vc_column_text css=\u00bb.vc_custom_1704452176272{margin-bottom: 0px !important;}\u00bb]\n<h3>Animaci\u00f3n b\u00e1sica 120 min.<\/h3>\n<p>Actuaci\u00f3n en la que un animador infantil realiza bailes y juegos variados adaptados a la edad, y realiza un pinta caras sencillo. Para finalizar y poner broche a la celebraci\u00f3n destina 20 minutos a magia y globoflexia. Tambi\u00e9n ayuda a la entrega del pastel.<\/p>\n<p><strong>Precio: 170 \u20ac<\/strong><br \/>\n<strong>Precio para segundo animador: 80 \u20ac<\/strong> (Se recomienda a partir de 20 ni\u00f1os)[\/vc_column_text][\/vc_column][vc_column][mk_divider style=\u00bbthin_solid\u00bb margin_bottom=\u00bb45&#8243;][\/vc_column][\/vc_row][vc_row][vc_column width=\u00bb1\/2&#8243;][vc_single_image image=\u00bb10935&#8243; img_size=\u00bb400&#215;300&#8243; alignment=\u00bbcenter\u00bb][\/vc_column][vc_column width=\u00bb1\/2&#8243;][vc_column_text css=\u00bb.vc_custom_1699627164565{margin-bottom: 0px !important;}\u00bb]\n<h3>Animaci\u00f3n b\u00e1sica + Gymkana 90 min.<\/h3>\n<p>Combinaci\u00f3n de animaci\u00f3n con juegos y bailes variados, as\u00ed como diferentes pruebas decompetici\u00f3n por equipos. Recomendada a partir de 8 a\u00f1os.<\/p>\n<p><strong>Precio: 160 \u20ac<\/strong>[\/vc_column_text][\/vc_column][vc_column][mk_divider style=\u00bbthin_solid\u00bb margin_bottom=\u00bb45&#8243;][\/vc_column][\/vc_row][vc_row][vc_column width=\u00bb1\/2&#8243;][vc_single_image image=\u00bb10909&#8243; img_size=\u00bb400&#215;300&#8243; alignment=\u00bbcenter\u00bb][\/vc_column][vc_column width=\u00bb1\/2&#8243;][vc_column_text css=\u00bb.vc_custom_1704452201208{margin-bottom: 0px !important;}\u00bb]\n<h3>Espect\u00e1culo de payaso 60 min.<\/h3>\n<p>Animaci\u00f3n infantil en la que un payaso al uso anima a los m\u00e1s peque\u00f1os con historias, gags, magia absurda, bailes y globoflexia. Disponemos de un show especial para comuniones.<\/p>\n<p><strong>Precio: 130 \u20ac<\/strong>[\/vc_column_text][\/vc_column][vc_column][mk_divider style=\u00bbthin_solid\u00bb margin_bottom=\u00bb45&#8243;][\/vc_column][\/vc_row][vc_row][vc_column width=\u00bb1\/2&#8243;][vc_single_image image=\u00bb10907&#8243; img_size=\u00bb400&#215;300&#8243; alignment=\u00bbcenter\u00bb][\/vc_column][vc_column width=\u00bb1\/2&#8243;][vc_column_text css=\u00bb.vc_custom_1765815376601{margin-bottom: 0px !important;}\u00bb]\n<h3>Espect\u00e1culo de magia 60 min.<\/h3>\n<p>Animaci\u00f3n infantil en la que un mago realiza un show adaptado a la edad de los ni\u00f1os con gags divertidos y magia sencilla. Disponemos de un show especial para comuniones con trucos m\u00e1s impresionantes.<\/p>\n<p><strong>Precio: 250 \u20ac<\/strong>[\/vc_column_text][\/vc_column][vc_column][mk_divider style=\u00bbthin_solid\u00bb margin_bottom=\u00bb45&#8243;][\/vc_column][\/vc_row][vc_row][vc_column width=\u00bb1\/2&#8243;][vc_single_image image=\u00bb10315&#8243; img_size=\u00bb400&#215;300&#8243; alignment=\u00bbcenter\u00bb][\/vc_column][vc_column width=\u00bb1\/2&#8243;][vc_column_text css=\u00bb.vc_custom_1699627219066{margin-bottom: 0px !important;}\u00bb]\n<h3>Maquillaje fantas\u00eda + Globofl\u00e9xia 60 min.<\/h3>\n<p>Actividad mediante la cual un profesional del maquillaje realiza impresionantes dise\u00f1os adaptados a la edad y gustos de los ni\u00f1os as\u00ed como formas con globos para cada uno de ellos.<\/p>\n<p><strong>Precio: 140 \u20ac<\/strong>[\/vc_column_text][\/vc_column][vc_column][mk_divider style=\u00bbthin_solid\u00bb margin_bottom=\u00bb45&#8243;][\/vc_column][\/vc_row][vc_row][vc_column width=\u00bb1\/2&#8243;][vc_single_image image=\u00bb10905&#8243; img_size=\u00bb400&#215;300&#8243; alignment=\u00bbcenter\u00bb][\/vc_column][vc_column width=\u00bb1\/2&#8243;][vc_column_text css=\u00bb.vc_custom_1704452224285{margin-bottom: 0px !important;}\u00bb]\n<h3>Globofl\u00e9xia (extra 30\u20ac) 20 min.<\/h3>\n<p>Formas con globos.[\/vc_column_text][\/vc_column][vc_column][mk_divider style=\u00bbthin_solid\u00bb margin_bottom=\u00bb45&#8243;][\/vc_column][\/vc_row][vc_row][vc_column width=\u00bb1\/2&#8243;][vc_single_image image=\u00bb3285&#8243; img_size=\u00bb400&#215;300&#8243; alignment=\u00bbcenter\u00bb][\/vc_column][vc_column width=\u00bb1\/2&#8243;][vc_column_text css=\u00bb.vc_custom_1699627247294{margin-bottom: 0px !important;}\u00bb]\n<h3>Pintacaras fantasia 90 min.<\/h3>\n<p>Actividad mediante la cual un profesional del maquillaje realiza impresionantes dise\u00f1os adaptados a la edad y gustos de los ni\u00f1os.<\/p>\n<p><strong>Precio: 150 \u20ac<\/strong>[\/vc_column_text][\/vc_column][vc_column][mk_divider style=\u00bbthin_solid\u00bb margin_bottom=\u00bb45&#8243;][\/vc_column][\/vc_row][vc_row][vc_column width=\u00bb1\/2&#8243;][vc_single_image image=\u00bb10904&#8243; img_size=\u00bb400&#215;300&#8243; alignment=\u00bbcenter\u00bb][\/vc_column][vc_column width=\u00bb1\/2&#8243;][vc_column_text css=\u00bb.vc_custom_1699627258318{margin-bottom: 0px !important;}\u00bb]\n<h3>Zumba Kids 60 min.<\/h3>\n<p>Destinada a ni\u00f1os y adultos acompa\u00f1antes en la cual a trav\u00e9s de diferentes estilos musicales, principalmente canciones de moda, se van desarrollando diversas coreograf\u00edas \u00a1Para disfrutar de la fiesta consumiendo energ\u00eda!<\/p>\n<p><strong>Precio: 150 \u20ac<\/strong>[\/vc_column_text][\/vc_column][vc_column][mk_divider style=\u00bbthin_solid\u00bb margin_bottom=\u00bb45&#8243;][\/vc_column][\/vc_row][vc_row][vc_column width=\u00bb1\/2&#8243;][vc_single_image image=\u00bb6585&#8243; img_size=\u00bb400&#215;300&#8243; alignment=\u00bbcenter\u00bb][\/vc_column][vc_column width=\u00bb1\/2&#8243;][vc_column_text css=\u00bb.vc_custom_1704452392486{margin-bottom: 0px !important;}\u00bb]\n<h3>Party Girls 90 min.<\/h3>\n<p>Fiesta de la belleza para ni\u00f1as: una de las animaciones m\u00e1s nuevas para fiestas de cumplea\u00f1os infantiles y comuniones. M\u00e1ximo 10 ni\u00f1as. Los contenidos son:<\/p>\n<ul>\n<li>Maquillaje suave de ojos, labios y mejillas.<\/li>\n<li>Peinados sencillos a elegir.<\/li>\n<li>Manicura.<\/li>\n<li>Photocall y pasarela.<\/li>\n<\/ul>\n<p><strong>Precio: 190 \u20ac<\/strong>[\/vc_column_text][\/vc_column][vc_column][mk_divider style=\u00bbthin_solid\u00bb margin_bottom=\u00bb45&#8243;][\/vc_column][\/vc_row][vc_row][vc_column width=\u00bb1\/2&#8243;][vc_single_image image=\u00bb10915&#8243; img_size=\u00bb400&#215;300&#8243; alignment=\u00bbcenter\u00bb][\/vc_column][vc_column width=\u00bb1\/2&#8243;][vc_column_text margin_bottom=\u00bb0&#8243; css=\u00bb.vc_custom_1766500589260{margin-bottom: 0px !important;}\u00bb]\n<h3>Personajes 40 min.<\/h3>\n<p>Uno de nuestros animadores ir\u00e1 caracterizado con un personaje y bailar\u00e1, posar\u00e1 para las fotos y ayudar\u00e1 a sacar el pastel. Cons\u00faltanos nuestros personajes (Mickey, Minnie, Dora, Olaf, Elsa, Peppa Pig,\u2026).<\/p>\n<p><strong>Precio: 120 \u20ac<\/strong> (un personaje)[\/vc_column_text][\/vc_column][vc_column][mk_divider style=\u00bbthin_solid\u00bb margin_bottom=\u00bb45&#8243;][\/vc_column][\/vc_row][vc_row][vc_column][vc_column_text css=\u00bb.vc_custom_1699627314330{margin-bottom: 0px !important;}\u00bb]\n<h2>Actuaciones\u00a0para adultos<\/h2>\n[\/vc_column_text][mk_padding_divider][\/vc_column][\/vc_row][vc_row][vc_column width=\u00bb1\/2&#8243;][vc_single_image image=\u00bb2812&#8243; img_size=\u00bb400&#215;300&#8243; alignment=\u00bbcenter\u00bb][\/vc_column][vc_column width=\u00bb1\/2&#8243;][vc_column_text css=\u00bb.vc_custom_1765814990439{margin-bottom: 0px !important;}\u00bb]\n<h3>Espect\u00e1culo de magia 60 min.<\/h3>\n<p>Actuaci\u00f3n en la que un mago profesional realiza un show con trucos complejos e impresionantes, escapismo, cartas y pa\u00f1uelos, entre otros \u00a1Tus invitados nunca se olvidar\u00e1n de la fiesta!<\/p>\n<p><strong>Precio:\u00a0 250 \u20ac<\/strong>[\/vc_column_text][\/vc_column][vc_column][mk_divider style=\u00bbthin_solid\u00bb margin_bottom=\u00bb45&#8243;][\/vc_column][\/vc_row][vc_row][vc_column width=\u00bb1\/2&#8243;][vc_single_image image=\u00bb3406&#8243; img_size=\u00bb400&#215;300&#8243; alignment=\u00bbcenter\u00bb][\/vc_column][vc_column width=\u00bb1\/2&#8243;][vc_column_text css=\u00bb.vc_custom_1699867889542{margin-bottom: 0px !important;}\u00bb]\n<h3>\u00abLa hora loca\u00bb 60 min.<\/h3>\n<p>Animador para adultos que hace gags y propone juegos y bailes en grupo para pasar un rato divertido en conjunto \u00a1Tu fiesta nunca fue tan divertida!<\/p>\n<p><strong>Precio: 170 \u20ac<\/strong>[\/vc_column_text][\/vc_column][vc_column][mk_divider style=\u00bbthin_solid\u00bb margin_bottom=\u00bb45&#8243;][vc_column_text css=\u00bb.vc_custom_1723630110086{margin-bottom: 0px !important;}\u00bb]\n<h3><strong>Suplemento de 35\u20ac en cualquier animaci\u00f3n que el horario de la actuaci\u00f3n inicie a partir de las 22:00h.<\/strong><br \/>\nPrecios para cumplea\u00f1os y peque\u00f1as celebraciones. Para otro tipo de celebraciones (comuniones, bodas, finales de curso&#8230;) consultar.<\/h3>\n<p>Ponte en contacto con nosotros y un experto en eventos te asesorar\u00e1<br \/>\n<a href=\"tel:722324776\" rel=\"nofollow\">722 324 776<\/a><br \/>\nSol\u00b7licita informaci\u00f3n: <a title=\"\" href=\"mailto:eventos@alteuaire.es\">eventos@alteuaire.es<\/a>[\/vc_column_text][mk_padding_divider][\/vc_column][\/vc_row]\n<\/div>","protected":false},"excerpt":{"rendered":"<p>[vc_row][vc_column][vc_column_text]Animaci\u00f3n infantil SEDI en colaboraci\u00f3n con Al Teu Aire, pone a tu disposici\u00f3n un servicio exclusivo de animaci\u00f3n infantil y adultos en la provincia de Barcelona para nuestras salas con el objetivo de completar vuestra celebraci\u00f3n, para que tanto los ni\u00f1os como los adultos disfrut\u00e9is y particip\u00e9is de la fiesta. \u00a1Organizar una fiesta divertida y [&hellip;]<\/p>\n","protected":false},"author":1,"featured_media":0,"parent":2456,"menu_order":0,"comment_status":"closed","ping_status":"closed","template":"","meta":{"_acf_changed":false,"footnotes":""},"class_list":["post-1977","page","type-page","status-publish","hentry"],"acf":[],"yoast_head":"<!-- This site is optimized with the Yoast SEO plugin v26.8 - https:\/\/yoast.com\/product\/yoast-seo-wordpress\/ -->\n<title>Animaci\u00f3n Infantil para fiestas - Al teu aire - Espai L\u00fadic i Privat<\/title>\n<meta name=\"description\" content=\"Servicio de animaci\u00f3n infantil para fiestas: Anima las celebraciones de ni\u00f1os y ni\u00f1as con payasos, pinta caras, globos, magia, divertidos bailes y juegos.\" \/>\n<meta name=\"robots\" content=\"index, follow, max-snippet:-1, max-image-preview:large, max-video-preview:-1\" \/>\n<link rel=\"canonical\" href=\"https:\/\/alteuaire.es\/es\/serveis\/animacion-infantil\/\" \/>\n<meta property=\"og:locale\" content=\"es_ES\" \/>\n<meta property=\"og:type\" content=\"article\" \/>\n<meta property=\"og:title\" content=\"Animaci\u00f3n Infantil para fiestas - Al teu aire - Espai L\u00fadic i Privat\" \/>\n<meta property=\"og:description\" content=\"Servicio de animaci\u00f3n infantil para fiestas: Anima las celebraciones de ni\u00f1os y ni\u00f1as con payasos, pinta caras, globos, magia, divertidos bailes y juegos.\" \/>\n<meta property=\"og:url\" content=\"https:\/\/alteuaire.es\/es\/serveis\/animacion-infantil\/\" \/>\n<meta property=\"og:site_name\" content=\"Al teu aire - Espai L\u00fadic i Privat\" \/>\n<meta property=\"article:publisher\" content=\"https:\/\/www.facebook.com\/alteuaire.franquicies\/\" \/>\n<meta property=\"article:modified_time\" content=\"2025-12-23T15:40:59+00:00\" \/>\n<meta property=\"og:image\" content=\"https:\/\/alteuaire.es\/wp-content\/uploads\/2017\/08\/alteuaire-redes-sociales.jpg\" \/>\n\t<meta property=\"og:image:width\" content=\"600\" \/>\n\t<meta property=\"og:image:height\" content=\"511\" \/>\n\t<meta property=\"og:image:type\" content=\"image\/jpeg\" \/>\n<meta name=\"twitter:card\" content=\"summary_large_image\" \/>\n<meta name=\"twitter:site\" content=\"@_alteuaire_\" \/>\n<meta name=\"twitter:label1\" content=\"Tiempo de lectura\" \/>\n\t<meta name=\"twitter:data1\" content=\"8 minutos\" \/>\n<script type=\"application\/ld+json\" class=\"yoast-schema-graph\">{\"@context\":\"https:\/\/schema.org\",\"@graph\":[{\"@type\":\"WebPage\",\"@id\":\"https:\/\/alteuaire.es\/es\/serveis\/animacion-infantil\/\",\"url\":\"https:\/\/alteuaire.es\/es\/serveis\/animacion-infantil\/\",\"name\":\"Animaci\u00f3n Infantil para fiestas - Al teu aire - Espai L\u00fadic i Privat\",\"isPartOf\":{\"@id\":\"https:\/\/alteuaire.es\/es\/#website\"},\"datePublished\":\"2016-03-23T10:55:30+00:00\",\"dateModified\":\"2025-12-23T15:40:59+00:00\",\"description\":\"Servicio de animaci\u00f3n infantil para fiestas: Anima las celebraciones de ni\u00f1os y ni\u00f1as con payasos, pinta caras, globos, magia, divertidos bailes y juegos.\",\"breadcrumb\":{\"@id\":\"https:\/\/alteuaire.es\/es\/serveis\/animacion-infantil\/#breadcrumb\"},\"inLanguage\":\"es\",\"potentialAction\":[{\"@type\":\"ReadAction\",\"target\":[\"https:\/\/alteuaire.es\/es\/serveis\/animacion-infantil\/\"]}]},{\"@type\":\"BreadcrumbList\",\"@id\":\"https:\/\/alteuaire.es\/es\/serveis\/animacion-infantil\/#breadcrumb\",\"itemListElement\":[{\"@type\":\"ListItem\",\"position\":1,\"name\":\"Inici\",\"item\":\"https:\/\/alteuaire.es\/es\/\"},{\"@type\":\"ListItem\",\"position\":2,\"name\":\"Servicios\",\"item\":\"https:\/\/alteuaire.es\/es\/serveis\/\"},{\"@type\":\"ListItem\",\"position\":3,\"name\":\"Animaci\u00f3n Infantil\"}]},{\"@type\":\"WebSite\",\"@id\":\"https:\/\/alteuaire.es\/es\/#website\",\"url\":\"https:\/\/alteuaire.es\/es\/\",\"name\":\"Al teu aire - Espai L\u00fadic i Privat\",\"description\":\"Alteuaire - Sales de festes privades de lloguer per aniversaris infantils y altres celebracions.\",\"publisher\":{\"@id\":\"https:\/\/alteuaire.es\/es\/#organization\"},\"potentialAction\":[{\"@type\":\"SearchAction\",\"target\":{\"@type\":\"EntryPoint\",\"urlTemplate\":\"https:\/\/alteuaire.es\/es\/?s={search_term_string}\"},\"query-input\":{\"@type\":\"PropertyValueSpecification\",\"valueRequired\":true,\"valueName\":\"search_term_string\"}}],\"inLanguage\":\"es\"},{\"@type\":\"Organization\",\"@id\":\"https:\/\/alteuaire.es\/es\/#organization\",\"name\":\"Alteuaire franquicies - Espai l\u00fadic i privat\",\"url\":\"https:\/\/alteuaire.es\/es\/\",\"logo\":{\"@type\":\"ImageObject\",\"inLanguage\":\"es\",\"@id\":\"https:\/\/alteuaire.es\/es\/#\/schema\/logo\/image\/\",\"url\":\"https:\/\/alteuaire.es\/wp-content\/uploads\/2016\/04\/alteauire.jpg\",\"contentUrl\":\"https:\/\/alteuaire.es\/wp-content\/uploads\/2016\/04\/alteauire.jpg\",\"width\":4606,\"height\":1920,\"caption\":\"Alteuaire franquicies - Espai l\u00fadic i privat\"},\"image\":{\"@id\":\"https:\/\/alteuaire.es\/es\/#\/schema\/logo\/image\/\"},\"sameAs\":[\"https:\/\/www.facebook.com\/alteuaire.franquicies\/\",\"https:\/\/x.com\/_alteuaire_\",\"https:\/\/www.instagram.com\/_alteuaire_\/\",\"https:\/\/es.pinterest.com\/alteuaire\/\"]}]}<\/script>\n<!-- \/ Yoast SEO plugin. -->","yoast_head_json":{"title":"Animaci\u00f3n Infantil para fiestas - Al teu aire - Espai L\u00fadic i Privat","description":"Servicio de animaci\u00f3n infantil para fiestas: Anima las celebraciones de ni\u00f1os y ni\u00f1as con payasos, pinta caras, globos, magia, divertidos bailes y juegos.","robots":{"index":"index","follow":"follow","max-snippet":"max-snippet:-1","max-image-preview":"max-image-preview:large","max-video-preview":"max-video-preview:-1"},"canonical":"https:\/\/alteuaire.es\/es\/serveis\/animacion-infantil\/","og_locale":"es_ES","og_type":"article","og_title":"Animaci\u00f3n Infantil para fiestas - Al teu aire - Espai L\u00fadic i Privat","og_description":"Servicio de animaci\u00f3n infantil para fiestas: Anima las celebraciones de ni\u00f1os y ni\u00f1as con payasos, pinta caras, globos, magia, divertidos bailes y juegos.","og_url":"https:\/\/alteuaire.es\/es\/serveis\/animacion-infantil\/","og_site_name":"Al teu aire - Espai L\u00fadic i Privat","article_publisher":"https:\/\/www.facebook.com\/alteuaire.franquicies\/","article_modified_time":"2025-12-23T15:40:59+00:00","og_image":[{"width":600,"height":511,"url":"https:\/\/alteuaire.es\/wp-content\/uploads\/2017\/08\/alteuaire-redes-sociales.jpg","type":"image\/jpeg"}],"twitter_card":"summary_large_image","twitter_site":"@_alteuaire_","twitter_misc":{"Tiempo de lectura":"8 minutos"},"schema":{"@context":"https:\/\/schema.org","@graph":[{"@type":"WebPage","@id":"https:\/\/alteuaire.es\/es\/serveis\/animacion-infantil\/","url":"https:\/\/alteuaire.es\/es\/serveis\/animacion-infantil\/","name":"Animaci\u00f3n Infantil para fiestas - Al teu aire - Espai L\u00fadic i Privat","isPartOf":{"@id":"https:\/\/alteuaire.es\/es\/#website"},"datePublished":"2016-03-23T10:55:30+00:00","dateModified":"2025-12-23T15:40:59+00:00","description":"Servicio de animaci\u00f3n infantil para fiestas: Anima las celebraciones de ni\u00f1os y ni\u00f1as con payasos, pinta caras, globos, magia, divertidos bailes y juegos.","breadcrumb":{"@id":"https:\/\/alteuaire.es\/es\/serveis\/animacion-infantil\/#breadcrumb"},"inLanguage":"es","potentialAction":[{"@type":"ReadAction","target":["https:\/\/alteuaire.es\/es\/serveis\/animacion-infantil\/"]}]},{"@type":"BreadcrumbList","@id":"https:\/\/alteuaire.es\/es\/serveis\/animacion-infantil\/#breadcrumb","itemListElement":[{"@type":"ListItem","position":1,"name":"Inici","item":"https:\/\/alteuaire.es\/es\/"},{"@type":"ListItem","position":2,"name":"Servicios","item":"https:\/\/alteuaire.es\/es\/serveis\/"},{"@type":"ListItem","position":3,"name":"Animaci\u00f3n Infantil"}]},{"@type":"WebSite","@id":"https:\/\/alteuaire.es\/es\/#website","url":"https:\/\/alteuaire.es\/es\/","name":"Al teu aire - Espai L\u00fadic i Privat","description":"Alteuaire - Sales de festes privades de lloguer per aniversaris infantils y altres celebracions.","publisher":{"@id":"https:\/\/alteuaire.es\/es\/#organization"},"potentialAction":[{"@type":"SearchAction","target":{"@type":"EntryPoint","urlTemplate":"https:\/\/alteuaire.es\/es\/?s={search_term_string}"},"query-input":{"@type":"PropertyValueSpecification","valueRequired":true,"valueName":"search_term_string"}}],"inLanguage":"es"},{"@type":"Organization","@id":"https:\/\/alteuaire.es\/es\/#organization","name":"Alteuaire franquicies - Espai l\u00fadic i privat","url":"https:\/\/alteuaire.es\/es\/","logo":{"@type":"ImageObject","inLanguage":"es","@id":"https:\/\/alteuaire.es\/es\/#\/schema\/logo\/image\/","url":"https:\/\/alteuaire.es\/wp-content\/uploads\/2016\/04\/alteauire.jpg","contentUrl":"https:\/\/alteuaire.es\/wp-content\/uploads\/2016\/04\/alteauire.jpg","width":4606,"height":1920,"caption":"Alteuaire franquicies - Espai l\u00fadic i privat"},"image":{"@id":"https:\/\/alteuaire.es\/es\/#\/schema\/logo\/image\/"},"sameAs":["https:\/\/www.facebook.com\/alteuaire.franquicies\/","https:\/\/x.com\/_alteuaire_","https:\/\/www.instagram.com\/_alteuaire_\/","https:\/\/es.pinterest.com\/alteuaire\/"]}]}},"publishpress_future_action":{"enabled":false,"date":"2026-05-06 10:37:14","action":"change-status","newStatus":"draft","terms":[],"taxonomy":"translation_priority","extraData":[]},"publishpress_future_workflow_manual_trigger":{"enabledWorkflows":[]},"_links":{"self":[{"href":"https:\/\/alteuaire.es\/es\/wp-json\/wp\/v2\/pages\/1977","targetHints":{"allow":["GET"]}}],"collection":[{"href":"https:\/\/alteuaire.es\/es\/wp-json\/wp\/v2\/pages"}],"about":[{"href":"https:\/\/alteuaire.es\/es\/wp-json\/wp\/v2\/types\/page"}],"author":[{"embeddable":true,"href":"https:\/\/alteuaire.es\/es\/wp-json\/wp\/v2\/users\/1"}],"replies":[{"embeddable":true,"href":"https:\/\/alteuaire.es\/es\/wp-json\/wp\/v2\/comments?post=1977"}],"version-history":[{"count":4,"href":"https:\/\/alteuaire.es\/es\/wp-json\/wp\/v2\/pages\/1977\/revisions"}],"predecessor-version":[{"id":12809,"href":"https:\/\/alteuaire.es\/es\/wp-json\/wp\/v2\/pages\/1977\/revisions\/12809"}],"up":[{"embeddable":true,"href":"https:\/\/alteuaire.es\/es\/wp-json\/wp\/v2\/pages\/2456"}],"wp:attachment":[{"href":"https:\/\/alteuaire.es\/es\/wp-json\/wp\/v2\/media?parent=1977"}],"curies":[{"name":"wp","href":"https:\/\/api.w.org\/{rel}","templated":true}]}}