{"id":2002,"date":"2016-02-18T08:36:22","date_gmt":"2016-02-18T08:36:22","guid":{"rendered":"https:\/\/alteuaire.es\/es\/tematica\/"},"modified":"2025-12-15T17:21:57","modified_gmt":"2025-12-15T16:21:57","slug":"decoracion-tematica","status":"publish","type":"page","link":"https:\/\/alteuaire.es\/es\/serveis\/decoracion-tematica\/","title":{"rendered":"Decoraci\u00f3n tem\u00e1tica"},"content":{"rendered":"<div class=\"wpb-content-wrapper\">[vc_row][vc_column][vc_column_text css=\u00bb.vc_custom_1709295427617{margin-bottom: 0px !important;}\u00bb]\n<h2>DECORACI\u00d3N TEM\u00c1TICA PARA FIESTAS Y EVENTOS<\/h2>\n[\/vc_column_text][vc_column_text margin_bottom=\u00bb0&#8243; css=\u00bb.vc_custom_1765815678747{margin-bottom: 0px !important;}\u00bb]Al Teu Aire pone a su disposici\u00f3n fiestas con decoraci\u00f3n tem\u00e1tica infantil llenas de fantas\u00eda y color.<br \/>\nEntra en el mundo m\u00e1gico de la imaginaci\u00f3n. Elige la tem\u00e1tica preferida de tu ni\u00f1o y nosotros crearemos una decoraci\u00f3n espectacular que har\u00e1 que se sienta muy cercano al mundo m\u00e1gico de su personaje favorito.<br \/>\nDecoraciones exclusivas, hechas a medida, desde la m\u00e1s sencilla a la m\u00e1s espectacular, totalmente personalizadas hasta el \u00faltimo detalle adapt\u00e1ndonos siempre a su presupuesto.<br \/>\nDesde decoraciones por Fiestas Infantiles y Adultos, Bodas, Comuniones, Bautizos y Baby Shower.[\/vc_column_text][\/vc_column][\/vc_row][vc_row][vc_column][vc_column_text margin_bottom=\u00bb0&#8243; css=\u00bb.vc_custom_1765815614995{margin-bottom: 0px !important;}\u00bb]<strong>Contacto<\/strong><\/p>\n<p>Eventos Al Teu Aire<br \/>\nTel\u00e9fono y WhatsApp <a href=\"tel:722324776\" rel=\"nofollow\">722 32 47 76 <\/a><br \/>\n<a title=\"\" href=\"mailto:eventos@alteuaire.es\">eventos@alteuaire.es<\/a>[\/vc_column_text][\/vc_column][\/vc_row][vc_row][vc_column width=\u00bb1\/4&#8243;][vc_single_image image=\u00bb11665&#8243; img_size=\u00bbfull\u00bb onclick=\u00bblink_image\u00bb][\/vc_column][vc_column width=\u00bb1\/4&#8243;][vc_single_image image=\u00bb11667&#8243; img_size=\u00bbfull\u00bb onclick=\u00bblink_image\u00bb][\/vc_column][vc_column width=\u00bb1\/4&#8243;][vc_single_image image=\u00bb11669&#8243; img_size=\u00bbfull\u00bb onclick=\u00bblink_image\u00bb][\/vc_column][vc_column width=\u00bb1\/4&#8243;][vc_single_image image=\u00bb11671&#8243; img_size=\u00bbfull\u00bb onclick=\u00bblink_image\u00bb][\/vc_column][\/vc_row][vc_row][vc_column width=\u00bb1\/4&#8243;][vc_single_image image=\u00bb12162&#8243; img_size=\u00bbfull\u00bb onclick=\u00bblink_image\u00bb css=\u00bb\u00bb][\/vc_column][vc_column width=\u00bb1\/4&#8243;][vc_single_image image=\u00bb11677&#8243; img_size=\u00bbfull\u00bb onclick=\u00bblink_image\u00bb][\/vc_column][vc_column width=\u00bb1\/4&#8243;][vc_single_image image=\u00bb12166&#8243; img_size=\u00bbfull\u00bb onclick=\u00bblink_image\u00bb css=\u00bb\u00bb][\/vc_column][vc_column width=\u00bb1\/4&#8243;][vc_single_image image=\u00bb12168&#8243; img_size=\u00bbfull\u00bb onclick=\u00bblink_image\u00bb css=\u00bb\u00bb][\/vc_column][\/vc_row][vc_row][vc_column width=\u00bb1\/4&#8243;][vc_single_image image=\u00bb12164&#8243; img_size=\u00bbfull\u00bb onclick=\u00bblink_image\u00bb css=\u00bb\u00bb][\/vc_column][vc_column width=\u00bb1\/4&#8243;][\/vc_column][vc_column width=\u00bb1\/4&#8243;][\/vc_column][vc_column width=\u00bb1\/4&#8243;][\/vc_column][\/vc_row][vc_row][vc_column][vc_column_text margin_bottom=\u00bb0&#8243; css=\u00bb.vc_custom_1765815703883{margin-bottom: 0px !important;}\u00bb]\n<h3><strong>Condiciones generales para la prestaci\u00f3n de servicio de decoraci\u00f3n con Alteuaire<\/strong><\/h3>\n<p>Al Teu Aire garantiza la realizaci\u00f3n de todos los servicios contratados con un m\u00ednimo de 5 d\u00edas laborables de antelaci\u00f3n. Asimismo se intentar\u00e1 atender las demandas que se hagan con plazos inferiores pero se reserva el derecho a no poder prestar el servicio.[\/vc_column_text][\/vc_column][\/vc_row]\n<\/div>","protected":false},"excerpt":{"rendered":"<p>[vc_row][vc_column][vc_column_text css=\u00bb.vc_custom_1709295427617{margin-bottom: 0px !important;}\u00bb] DECORACI\u00d3N TEM\u00c1TICA PARA FIESTAS Y EVENTOS [\/vc_column_text][vc_column_text margin_bottom=\u00bb0&#8243; css=\u00bb.vc_custom_1765815678747{margin-bottom: 0px !important;}\u00bb]Al Teu Aire pone a su disposici\u00f3n fiestas con decoraci\u00f3n tem\u00e1tica infantil llenas de fantas\u00eda y color. Entra en el mundo m\u00e1gico de la imaginaci\u00f3n. Elige la tem\u00e1tica preferida de tu ni\u00f1o y nosotros crearemos una decoraci\u00f3n espectacular que har\u00e1 que [&hellip;]<\/p>\n","protected":false},"author":1,"featured_media":8114,"parent":2456,"menu_order":0,"comment_status":"closed","ping_status":"closed","template":"","meta":{"_acf_changed":false,"footnotes":""},"class_list":["post-2002","page","type-page","status-publish","has-post-thumbnail","hentry"],"acf":[],"yoast_head":"<!-- This site is optimized with the Yoast SEO plugin v26.8 - https:\/\/yoast.com\/product\/yoast-seo-wordpress\/ -->\n<title>Decoraci\u00f3n tem\u00e1tica - Al teu aire - Espai L\u00fadic i Privat<\/title>\n<meta name=\"description\" content=\"Elige la decoraci\u00f3n tem\u00e1tica preferida de tu peque y nosotros crearemos una decoraci\u00f3n espectacular con su personaje preferido para su fiesta de cumplea\u00f1os.\" \/>\n<meta name=\"robots\" content=\"index, follow, max-snippet:-1, max-image-preview:large, max-video-preview:-1\" \/>\n<link rel=\"canonical\" href=\"https:\/\/alteuaire.es\/es\/serveis\/decoracion-tematica\/\" \/>\n<meta property=\"og:locale\" content=\"es_ES\" \/>\n<meta property=\"og:type\" content=\"article\" \/>\n<meta property=\"og:title\" content=\"Decoraci\u00f3n tem\u00e1tica - Al teu aire - Espai L\u00fadic i Privat\" \/>\n<meta property=\"og:description\" content=\"Elige la decoraci\u00f3n tem\u00e1tica preferida de tu peque y nosotros crearemos una decoraci\u00f3n espectacular con su personaje preferido para su fiesta de cumplea\u00f1os.\" \/>\n<meta property=\"og:url\" content=\"https:\/\/alteuaire.es\/es\/serveis\/decoracion-tematica\/\" \/>\n<meta property=\"og:site_name\" content=\"Al teu aire - Espai L\u00fadic i Privat\" \/>\n<meta property=\"article:publisher\" content=\"https:\/\/www.facebook.com\/alteuaire.franquicies\/\" \/>\n<meta property=\"article:modified_time\" content=\"2025-12-15T16:21:57+00:00\" \/>\n<meta property=\"og:image\" content=\"https:\/\/alteuaire.es\/wp-content\/uploads\/2020\/10\/decoraciones-tematicas-infantiles.jpg\" \/>\n\t<meta property=\"og:image:width\" content=\"1076\" \/>\n\t<meta property=\"og:image:height\" content=\"1076\" \/>\n\t<meta property=\"og:image:type\" content=\"image\/jpeg\" \/>\n<meta name=\"twitter:card\" content=\"summary_large_image\" \/>\n<meta name=\"twitter:site\" content=\"@_alteuaire_\" \/>\n<meta name=\"twitter:label1\" content=\"Tiempo de lectura\" \/>\n\t<meta name=\"twitter:data1\" content=\"4 minutos\" \/>\n<script type=\"application\/ld+json\" class=\"yoast-schema-graph\">{\"@context\":\"https:\/\/schema.org\",\"@graph\":[{\"@type\":\"WebPage\",\"@id\":\"https:\/\/alteuaire.es\/es\/serveis\/decoracion-tematica\/\",\"url\":\"https:\/\/alteuaire.es\/es\/serveis\/decoracion-tematica\/\",\"name\":\"Decoraci\u00f3n tem\u00e1tica - Al teu aire - Espai L\u00fadic i Privat\",\"isPartOf\":{\"@id\":\"https:\/\/alteuaire.es\/es\/#website\"},\"primaryImageOfPage\":{\"@id\":\"https:\/\/alteuaire.es\/es\/serveis\/decoracion-tematica\/#primaryimage\"},\"image\":{\"@id\":\"https:\/\/alteuaire.es\/es\/serveis\/decoracion-tematica\/#primaryimage\"},\"thumbnailUrl\":\"https:\/\/alteuaire.es\/wp-content\/uploads\/2020\/10\/decoraciones-tematicas-infantiles.jpg\",\"datePublished\":\"2016-02-18T08:36:22+00:00\",\"dateModified\":\"2025-12-15T16:21:57+00:00\",\"description\":\"Elige la decoraci\u00f3n tem\u00e1tica preferida de tu peque y nosotros crearemos una decoraci\u00f3n espectacular con su personaje preferido para su fiesta de cumplea\u00f1os.\",\"breadcrumb\":{\"@id\":\"https:\/\/alteuaire.es\/es\/serveis\/decoracion-tematica\/#breadcrumb\"},\"inLanguage\":\"es\",\"potentialAction\":[{\"@type\":\"ReadAction\",\"target\":[\"https:\/\/alteuaire.es\/es\/serveis\/decoracion-tematica\/\"]}]},{\"@type\":\"ImageObject\",\"inLanguage\":\"es\",\"@id\":\"https:\/\/alteuaire.es\/es\/serveis\/decoracion-tematica\/#primaryimage\",\"url\":\"https:\/\/alteuaire.es\/wp-content\/uploads\/2020\/10\/decoraciones-tematicas-infantiles.jpg\",\"contentUrl\":\"https:\/\/alteuaire.es\/wp-content\/uploads\/2020\/10\/decoraciones-tematicas-infantiles.jpg\",\"width\":1076,\"height\":1076,\"caption\":\"decoraciones tem\u00e1ticas infantiles\"},{\"@type\":\"BreadcrumbList\",\"@id\":\"https:\/\/alteuaire.es\/es\/serveis\/decoracion-tematica\/#breadcrumb\",\"itemListElement\":[{\"@type\":\"ListItem\",\"position\":1,\"name\":\"Inici\",\"item\":\"https:\/\/alteuaire.es\/es\/\"},{\"@type\":\"ListItem\",\"position\":2,\"name\":\"Servicios\",\"item\":\"https:\/\/alteuaire.es\/es\/serveis\/\"},{\"@type\":\"ListItem\",\"position\":3,\"name\":\"Decoraci\u00f3n tem\u00e1tica\"}]},{\"@type\":\"WebSite\",\"@id\":\"https:\/\/alteuaire.es\/es\/#website\",\"url\":\"https:\/\/alteuaire.es\/es\/\",\"name\":\"Al teu aire - Espai L\u00fadic i Privat\",\"description\":\"Alteuaire - Sales de festes privades de lloguer per aniversaris infantils y altres celebracions.\",\"publisher\":{\"@id\":\"https:\/\/alteuaire.es\/es\/#organization\"},\"potentialAction\":[{\"@type\":\"SearchAction\",\"target\":{\"@type\":\"EntryPoint\",\"urlTemplate\":\"https:\/\/alteuaire.es\/es\/?s={search_term_string}\"},\"query-input\":{\"@type\":\"PropertyValueSpecification\",\"valueRequired\":true,\"valueName\":\"search_term_string\"}}],\"inLanguage\":\"es\"},{\"@type\":\"Organization\",\"@id\":\"https:\/\/alteuaire.es\/es\/#organization\",\"name\":\"Alteuaire franquicies - Espai l\u00fadic i privat\",\"url\":\"https:\/\/alteuaire.es\/es\/\",\"logo\":{\"@type\":\"ImageObject\",\"inLanguage\":\"es\",\"@id\":\"https:\/\/alteuaire.es\/es\/#\/schema\/logo\/image\/\",\"url\":\"https:\/\/alteuaire.es\/wp-content\/uploads\/2016\/04\/alteauire.jpg\",\"contentUrl\":\"https:\/\/alteuaire.es\/wp-content\/uploads\/2016\/04\/alteauire.jpg\",\"width\":4606,\"height\":1920,\"caption\":\"Alteuaire franquicies - Espai l\u00fadic i privat\"},\"image\":{\"@id\":\"https:\/\/alteuaire.es\/es\/#\/schema\/logo\/image\/\"},\"sameAs\":[\"https:\/\/www.facebook.com\/alteuaire.franquicies\/\",\"https:\/\/x.com\/_alteuaire_\",\"https:\/\/www.instagram.com\/_alteuaire_\/\",\"https:\/\/es.pinterest.com\/alteuaire\/\"]}]}<\/script>\n<!-- \/ Yoast SEO plugin. -->","yoast_head_json":{"title":"Decoraci\u00f3n tem\u00e1tica - Al teu aire - Espai L\u00fadic i Privat","description":"Elige la decoraci\u00f3n tem\u00e1tica preferida de tu peque y nosotros crearemos una decoraci\u00f3n espectacular con su personaje preferido para su fiesta de cumplea\u00f1os.","robots":{"index":"index","follow":"follow","max-snippet":"max-snippet:-1","max-image-preview":"max-image-preview:large","max-video-preview":"max-video-preview:-1"},"canonical":"https:\/\/alteuaire.es\/es\/serveis\/decoracion-tematica\/","og_locale":"es_ES","og_type":"article","og_title":"Decoraci\u00f3n tem\u00e1tica - Al teu aire - Espai L\u00fadic i Privat","og_description":"Elige la decoraci\u00f3n tem\u00e1tica preferida de tu peque y nosotros crearemos una decoraci\u00f3n espectacular con su personaje preferido para su fiesta de cumplea\u00f1os.","og_url":"https:\/\/alteuaire.es\/es\/serveis\/decoracion-tematica\/","og_site_name":"Al teu aire - Espai L\u00fadic i Privat","article_publisher":"https:\/\/www.facebook.com\/alteuaire.franquicies\/","article_modified_time":"2025-12-15T16:21:57+00:00","og_image":[{"width":1076,"height":1076,"url":"https:\/\/alteuaire.es\/wp-content\/uploads\/2020\/10\/decoraciones-tematicas-infantiles.jpg","type":"image\/jpeg"}],"twitter_card":"summary_large_image","twitter_site":"@_alteuaire_","twitter_misc":{"Tiempo de lectura":"4 minutos"},"schema":{"@context":"https:\/\/schema.org","@graph":[{"@type":"WebPage","@id":"https:\/\/alteuaire.es\/es\/serveis\/decoracion-tematica\/","url":"https:\/\/alteuaire.es\/es\/serveis\/decoracion-tematica\/","name":"Decoraci\u00f3n tem\u00e1tica - Al teu aire - Espai L\u00fadic i Privat","isPartOf":{"@id":"https:\/\/alteuaire.es\/es\/#website"},"primaryImageOfPage":{"@id":"https:\/\/alteuaire.es\/es\/serveis\/decoracion-tematica\/#primaryimage"},"image":{"@id":"https:\/\/alteuaire.es\/es\/serveis\/decoracion-tematica\/#primaryimage"},"thumbnailUrl":"https:\/\/alteuaire.es\/wp-content\/uploads\/2020\/10\/decoraciones-tematicas-infantiles.jpg","datePublished":"2016-02-18T08:36:22+00:00","dateModified":"2025-12-15T16:21:57+00:00","description":"Elige la decoraci\u00f3n tem\u00e1tica preferida de tu peque y nosotros crearemos una decoraci\u00f3n espectacular con su personaje preferido para su fiesta de cumplea\u00f1os.","breadcrumb":{"@id":"https:\/\/alteuaire.es\/es\/serveis\/decoracion-tematica\/#breadcrumb"},"inLanguage":"es","potentialAction":[{"@type":"ReadAction","target":["https:\/\/alteuaire.es\/es\/serveis\/decoracion-tematica\/"]}]},{"@type":"ImageObject","inLanguage":"es","@id":"https:\/\/alteuaire.es\/es\/serveis\/decoracion-tematica\/#primaryimage","url":"https:\/\/alteuaire.es\/wp-content\/uploads\/2020\/10\/decoraciones-tematicas-infantiles.jpg","contentUrl":"https:\/\/alteuaire.es\/wp-content\/uploads\/2020\/10\/decoraciones-tematicas-infantiles.jpg","width":1076,"height":1076,"caption":"decoraciones tem\u00e1ticas infantiles"},{"@type":"BreadcrumbList","@id":"https:\/\/alteuaire.es\/es\/serveis\/decoracion-tematica\/#breadcrumb","itemListElement":[{"@type":"ListItem","position":1,"name":"Inici","item":"https:\/\/alteuaire.es\/es\/"},{"@type":"ListItem","position":2,"name":"Servicios","item":"https:\/\/alteuaire.es\/es\/serveis\/"},{"@type":"ListItem","position":3,"name":"Decoraci\u00f3n tem\u00e1tica"}]},{"@type":"WebSite","@id":"https:\/\/alteuaire.es\/es\/#website","url":"https:\/\/alteuaire.es\/es\/","name":"Al teu aire - Espai L\u00fadic i Privat","description":"Alteuaire - Sales de festes privades de lloguer per aniversaris infantils y altres celebracions.","publisher":{"@id":"https:\/\/alteuaire.es\/es\/#organization"},"potentialAction":[{"@type":"SearchAction","target":{"@type":"EntryPoint","urlTemplate":"https:\/\/alteuaire.es\/es\/?s={search_term_string}"},"query-input":{"@type":"PropertyValueSpecification","valueRequired":true,"valueName":"search_term_string"}}],"inLanguage":"es"},{"@type":"Organization","@id":"https:\/\/alteuaire.es\/es\/#organization","name":"Alteuaire franquicies - Espai l\u00fadic i privat","url":"https:\/\/alteuaire.es\/es\/","logo":{"@type":"ImageObject","inLanguage":"es","@id":"https:\/\/alteuaire.es\/es\/#\/schema\/logo\/image\/","url":"https:\/\/alteuaire.es\/wp-content\/uploads\/2016\/04\/alteauire.jpg","contentUrl":"https:\/\/alteuaire.es\/wp-content\/uploads\/2016\/04\/alteauire.jpg","width":4606,"height":1920,"caption":"Alteuaire franquicies - Espai l\u00fadic i privat"},"image":{"@id":"https:\/\/alteuaire.es\/es\/#\/schema\/logo\/image\/"},"sameAs":["https:\/\/www.facebook.com\/alteuaire.franquicies\/","https:\/\/x.com\/_alteuaire_","https:\/\/www.instagram.com\/_alteuaire_\/","https:\/\/es.pinterest.com\/alteuaire\/"]}]}},"publishpress_future_action":{"enabled":false,"date":"2026-05-06 10:46:01","action":"change-status","newStatus":"draft","terms":[],"taxonomy":"translation_priority","extraData":[]},"publishpress_future_workflow_manual_trigger":{"enabledWorkflows":[]},"_links":{"self":[{"href":"https:\/\/alteuaire.es\/es\/wp-json\/wp\/v2\/pages\/2002","targetHints":{"allow":["GET"]}}],"collection":[{"href":"https:\/\/alteuaire.es\/es\/wp-json\/wp\/v2\/pages"}],"about":[{"href":"https:\/\/alteuaire.es\/es\/wp-json\/wp\/v2\/types\/page"}],"author":[{"embeddable":true,"href":"https:\/\/alteuaire.es\/es\/wp-json\/wp\/v2\/users\/1"}],"replies":[{"embeddable":true,"href":"https:\/\/alteuaire.es\/es\/wp-json\/wp\/v2\/comments?post=2002"}],"version-history":[{"count":2,"href":"https:\/\/alteuaire.es\/es\/wp-json\/wp\/v2\/pages\/2002\/revisions"}],"predecessor-version":[{"id":12788,"href":"https:\/\/alteuaire.es\/es\/wp-json\/wp\/v2\/pages\/2002\/revisions\/12788"}],"up":[{"embeddable":true,"href":"https:\/\/alteuaire.es\/es\/wp-json\/wp\/v2\/pages\/2456"}],"wp:featuredmedia":[{"embeddable":true,"href":"https:\/\/alteuaire.es\/es\/wp-json\/wp\/v2\/media\/8114"}],"wp:attachment":[{"href":"https:\/\/alteuaire.es\/es\/wp-json\/wp\/v2\/media?parent=2002"}],"curies":[{"name":"wp","href":"https:\/\/api.w.org\/{rel}","templated":true}]}}