{"id":2157,"date":"2016-02-18T08:31:59","date_gmt":"2016-02-18T08:31:59","guid":{"rendered":"https:\/\/alteuaire.es\/es\/comfunciona\/"},"modified":"2024-03-01T07:31:45","modified_gmt":"2024-03-01T06:31:45","slug":"como-funciona","status":"publish","type":"page","link":"https:\/\/alteuaire.es\/es\/como-funciona\/","title":{"rendered":"Como funciona"},"content":{"rendered":"<div class=\"wpb-content-wrapper\">[vc_row][vc_column][vc_text_separator title=\u00bbHacer la reserva\u00bb title_align=\u00bbseparator_align_left\u00bb][vc_column_text el_class=\u00bbjustify\u00bb css=\u00bb.vc_custom_1709274689378{margin-bottom: 0px !important;}\u00bb]La reserva la puedes hacer por tel\u00e9fono, llamando al n\u00famero <a href=\"tel:937333000\"><strong>937 33 30 00<\/strong><\/a> o enviando un mensaje de <a href=\"https:\/\/api.whatsapp.com\/send?phone=34618416069\"><strong>WhatsApp al 618416069<\/strong><\/a>. Una vez reservada la sala, el d\u00eda y la hora, recibir\u00e1s un correo electr\u00f3nico con toda la informaci\u00f3n de la reserva y el n\u00famero de cuenta donde debes de abonar 50 \u20ac de paga y se\u00f1al, mediante transferencia bancaria o ingreso.<\/p>\n<p>Por favor, dedique un momento a revisar que el d\u00eda, el horario y el resto de datos de la reserva son correctos. En caso de duda contacte con nuestro servicio de atenci\u00f3n al cliente.<\/p>\n<p>Al teu aire se reserva el derecho de solicitar una fianza que se deber\u00e1 abonar por ingreso o transferencia en el momento de hacer la paga y se\u00f1al y que se devolver\u00e1 por transferencia al finalizar la celebraci\u00f3n una vez comprobado que no ha habido ning\u00fan desperfecto.[\/vc_column_text][vc_column_text]Desde nuestra web podr\u00e1s crear y descargarte las invitaciones para dar a tus invitados, tienes 3 modelos a elegir. Tambi\u00e9n nos podr\u00e1s contratar, por tel\u00e9fono, la animaci\u00f3n, las chuches, las pi\u00f1atas y el catering.[\/vc_column_text][mk_padding_divider size=\u00bb20&#8243; visibility=\u00bbhidden-sm\u00bb][vc_text_separator title=\u00bbEl dia de la fiesta\u00bb title_align=\u00bbseparator_align_left\u00bb][vc_column_text css=\u00bb.vc_custom_1598356808769{margin-bottom: 0px !important;}\u00bb]El d\u00eda de la fiesta, una persona de Alteuaire, te abrir\u00e1 la sala.<br \/>\nLa persona que te abre te esperar\u00e1 durante 15 minutos, en caso de cualquier urgencia, tienes un tel\u00e9fono de contacto al que te puedes dirigir: <a href=\"tel:618616295\"><strong>618 61 62 95<\/strong><\/a> (este tel\u00e9fono no es para hacer reservas).<br \/>\nPara hacer reservas es el <a href=\"tel:937333000\"><strong>937 33 30 00<\/strong><\/a>.[\/vc_column_text][vc_column_text css=\u00bb.vc_custom_1702895390129{margin-bottom: 0px !important;}\u00bb]La persona de Alteuaire, te explicar\u00e1 el funcionamiento de la sala y a \u00e9l le deber\u00e1s abonar el importe restante del alquiler de la sala as\u00ed como los posibles extras que hayas contratado.<br \/>\n*Algunos de los servicios que ofrece la sala como: Futbol\u00edn, Billar, M\u00e1quina Arcade, M\u00e1quina de Dardos, Video Consolas, etc&#8230;\u00a0podr\u00edan no estar disponibles por aver\u00eda o mal uso. Disculpad las molestias.<\/p>\n<p>Si tienes previsto reproducir v\u00eddeo o audio el d\u00eda de la fiesta, recomendamos concertar una visita antes de la celebraci\u00f3n para comprobar que el formato es compatible y se puede reproducir sin problemas.[\/vc_column_text][mk_padding_divider size=\u00bb20&#8243; visibility=\u00bbhidden-sm\u00bb][vc_text_separator title=\u00bbFinalizaci\u00f3n de la fiesta\u00bb title_align=\u00bbseparator_align_left\u00bb][vc_column_text css=\u00bb.vc_custom_1638275511516{margin-bottom: 0px !important;}\u00bb]Si durante la fiesta, decides quedarte m\u00e1s tiempo, podr\u00e1s llamar al tel\u00e9fono que hay en la misma sala para avisar que quieres horas extras. (Siempre y cuando no haya ninguna reserva detr\u00e1s).<\/p>\n<p>Para ampliar horarios con horas extras consultar precios.[\/vc_column_text][vc_column_text css=\u00bb.vc_custom_1606395778163{margin-bottom: 0px !important;}\u00bb]10 minutos antes de finalizar la fiesta, se comprobar\u00e1 que todo est\u00e1 correcto. La sala debe quedar totalmente recogida, las mesas y sillas utilizadas deben dejarse en su lugar, tienes que tirar la basura y tienes que pasar la escoba. Es importante que te asegures de que no te dejas nada y que la nevera queda vac\u00eda.[\/vc_column_text][vc_column_text]Recuerda que est\u00e1 prohibido tirar confeti y colgar cualquier decoraci\u00f3n fuera de los lugares indicados para Alteuaire. Hay que hacer un buen uso de las m\u00e1quinas recreativas, mobiliario y juguetes que hay en la sala. Queda prohibida la entrada a animales de compa\u00f1\u00eda, bicicletas, patinetes, y balones de cuero.<\/p>\n<p>RESPETAD EL DESCANSO DE LOS VECINOS AL SALIR A FUMAR FUERA DEL LOCAL.[\/vc_column_text][mk_padding_divider size=\u00bb20&#8243; visibility=\u00bbhidden-sm\u00bb][\/vc_column][\/vc_row][vc_row][vc_column][mk_fancy_title tag_name=\u00bbh4&#8243; size=\u00bb18&#8243; font_family=\u00bbnone\u00bb]Preguntas frecuentes[\/mk_fancy_title][mk_faq sortable=\u00bbfalse\u00bb][\/vc_column][\/vc_row]\n<\/div>","protected":false},"excerpt":{"rendered":"<p>[vc_row][vc_column][vc_text_separator title=\u00bbHacer la reserva\u00bb title_align=\u00bbseparator_align_left\u00bb][vc_column_text el_class=\u00bbjustify\u00bb css=\u00bb.vc_custom_1709274689378{margin-bottom: 0px !important;}\u00bb]La reserva la puedes hacer por tel\u00e9fono, llamando al n\u00famero 937 33 30 00 o enviando un mensaje de WhatsApp al 618416069. Una vez reservada la sala, el d\u00eda y la hora, recibir\u00e1s un correo electr\u00f3nico con toda la informaci\u00f3n de la reserva y el n\u00famero de [&hellip;]<\/p>\n","protected":false},"author":1,"featured_media":0,"parent":0,"menu_order":4,"comment_status":"closed","ping_status":"closed","template":"","meta":{"_acf_changed":false,"footnotes":""},"class_list":["post-2157","page","type-page","status-publish","hentry"],"acf":[],"yoast_head":"<!-- This site is optimized with the Yoast SEO plugin v26.8 - https:\/\/yoast.com\/product\/yoast-seo-wordpress\/ -->\n<title>Como funciona - Al teu aire - Espai L\u00fadic i Privat<\/title>\n<meta name=\"description\" content=\"La reserva la puedes hacer por tel\u00e9fono, llamando al n\u00famero 93 733 30 00. Una vez reservada la sala, el d\u00eda y la hora, recibir\u00e1s un correo electr\u00f3nico con toda la informaci\u00f3n de la reserva\" \/>\n<meta name=\"robots\" content=\"index, follow, max-snippet:-1, max-image-preview:large, max-video-preview:-1\" \/>\n<link rel=\"canonical\" href=\"https:\/\/alteuaire.es\/es\/como-funciona\/\" \/>\n<meta property=\"og:locale\" content=\"es_ES\" \/>\n<meta property=\"og:type\" content=\"article\" \/>\n<meta property=\"og:title\" content=\"Como funciona - Al teu aire - Espai L\u00fadic i Privat\" \/>\n<meta property=\"og:description\" content=\"La reserva la puedes hacer por tel\u00e9fono, llamando al n\u00famero 93 733 30 00. Una vez reservada la sala, el d\u00eda y la hora, recibir\u00e1s un correo electr\u00f3nico con toda la informaci\u00f3n de la reserva\" \/>\n<meta property=\"og:url\" content=\"https:\/\/alteuaire.es\/es\/como-funciona\/\" \/>\n<meta property=\"og:site_name\" content=\"Al teu aire - Espai L\u00fadic i Privat\" \/>\n<meta property=\"article:publisher\" content=\"https:\/\/www.facebook.com\/alteuaire.franquicies\/\" \/>\n<meta property=\"article:modified_time\" content=\"2024-03-01T06:31:45+00:00\" \/>\n<meta property=\"og:image\" content=\"https:\/\/alteuaire.es\/wp-content\/uploads\/2017\/08\/alteuaire-redes-sociales.jpg\" \/>\n\t<meta property=\"og:image:width\" content=\"600\" \/>\n\t<meta property=\"og:image:height\" content=\"511\" \/>\n\t<meta property=\"og:image:type\" content=\"image\/jpeg\" \/>\n<meta name=\"twitter:card\" content=\"summary_large_image\" \/>\n<meta name=\"twitter:site\" content=\"@_alteuaire_\" \/>\n<meta name=\"twitter:label1\" content=\"Tiempo de lectura\" \/>\n\t<meta name=\"twitter:data1\" content=\"3 minutos\" \/>\n<script type=\"application\/ld+json\" class=\"yoast-schema-graph\">{\"@context\":\"https:\/\/schema.org\",\"@graph\":[{\"@type\":\"WebPage\",\"@id\":\"https:\/\/alteuaire.es\/es\/como-funciona\/\",\"url\":\"https:\/\/alteuaire.es\/es\/como-funciona\/\",\"name\":\"Como funciona - Al teu aire - Espai L\u00fadic i Privat\",\"isPartOf\":{\"@id\":\"https:\/\/alteuaire.es\/es\/#website\"},\"datePublished\":\"2016-02-18T08:31:59+00:00\",\"dateModified\":\"2024-03-01T06:31:45+00:00\",\"description\":\"La reserva la puedes hacer por tel\u00e9fono, llamando al n\u00famero 93 733 30 00. Una vez reservada la sala, el d\u00eda y la hora, recibir\u00e1s un correo electr\u00f3nico con toda la informaci\u00f3n de la reserva\",\"breadcrumb\":{\"@id\":\"https:\/\/alteuaire.es\/es\/como-funciona\/#breadcrumb\"},\"inLanguage\":\"es\",\"potentialAction\":[{\"@type\":\"ReadAction\",\"target\":[\"https:\/\/alteuaire.es\/es\/como-funciona\/\"]}]},{\"@type\":\"BreadcrumbList\",\"@id\":\"https:\/\/alteuaire.es\/es\/como-funciona\/#breadcrumb\",\"itemListElement\":[{\"@type\":\"ListItem\",\"position\":1,\"name\":\"Inici\",\"item\":\"https:\/\/alteuaire.es\/es\/\"},{\"@type\":\"ListItem\",\"position\":2,\"name\":\"Como funciona\"}]},{\"@type\":\"WebSite\",\"@id\":\"https:\/\/alteuaire.es\/es\/#website\",\"url\":\"https:\/\/alteuaire.es\/es\/\",\"name\":\"Al teu aire - Espai L\u00fadic i Privat\",\"description\":\"Alteuaire - Sales de festes privades de lloguer per aniversaris infantils y altres celebracions.\",\"publisher\":{\"@id\":\"https:\/\/alteuaire.es\/es\/#organization\"},\"potentialAction\":[{\"@type\":\"SearchAction\",\"target\":{\"@type\":\"EntryPoint\",\"urlTemplate\":\"https:\/\/alteuaire.es\/es\/?s={search_term_string}\"},\"query-input\":{\"@type\":\"PropertyValueSpecification\",\"valueRequired\":true,\"valueName\":\"search_term_string\"}}],\"inLanguage\":\"es\"},{\"@type\":\"Organization\",\"@id\":\"https:\/\/alteuaire.es\/es\/#organization\",\"name\":\"Alteuaire franquicies - Espai l\u00fadic i privat\",\"url\":\"https:\/\/alteuaire.es\/es\/\",\"logo\":{\"@type\":\"ImageObject\",\"inLanguage\":\"es\",\"@id\":\"https:\/\/alteuaire.es\/es\/#\/schema\/logo\/image\/\",\"url\":\"https:\/\/alteuaire.es\/wp-content\/uploads\/2016\/04\/alteauire.jpg\",\"contentUrl\":\"https:\/\/alteuaire.es\/wp-content\/uploads\/2016\/04\/alteauire.jpg\",\"width\":4606,\"height\":1920,\"caption\":\"Alteuaire franquicies - Espai l\u00fadic i privat\"},\"image\":{\"@id\":\"https:\/\/alteuaire.es\/es\/#\/schema\/logo\/image\/\"},\"sameAs\":[\"https:\/\/www.facebook.com\/alteuaire.franquicies\/\",\"https:\/\/x.com\/_alteuaire_\",\"https:\/\/www.instagram.com\/_alteuaire_\/\",\"https:\/\/es.pinterest.com\/alteuaire\/\"]}]}<\/script>\n<!-- \/ Yoast SEO plugin. -->","yoast_head_json":{"title":"Como funciona - Al teu aire - Espai L\u00fadic i Privat","description":"La reserva la puedes hacer por tel\u00e9fono, llamando al n\u00famero 93 733 30 00. Una vez reservada la sala, el d\u00eda y la hora, recibir\u00e1s un correo electr\u00f3nico con toda la informaci\u00f3n de la reserva","robots":{"index":"index","follow":"follow","max-snippet":"max-snippet:-1","max-image-preview":"max-image-preview:large","max-video-preview":"max-video-preview:-1"},"canonical":"https:\/\/alteuaire.es\/es\/como-funciona\/","og_locale":"es_ES","og_type":"article","og_title":"Como funciona - Al teu aire - Espai L\u00fadic i Privat","og_description":"La reserva la puedes hacer por tel\u00e9fono, llamando al n\u00famero 93 733 30 00. Una vez reservada la sala, el d\u00eda y la hora, recibir\u00e1s un correo electr\u00f3nico con toda la informaci\u00f3n de la reserva","og_url":"https:\/\/alteuaire.es\/es\/como-funciona\/","og_site_name":"Al teu aire - Espai L\u00fadic i Privat","article_publisher":"https:\/\/www.facebook.com\/alteuaire.franquicies\/","article_modified_time":"2024-03-01T06:31:45+00:00","og_image":[{"width":600,"height":511,"url":"https:\/\/alteuaire.es\/wp-content\/uploads\/2017\/08\/alteuaire-redes-sociales.jpg","type":"image\/jpeg"}],"twitter_card":"summary_large_image","twitter_site":"@_alteuaire_","twitter_misc":{"Tiempo de lectura":"3 minutos"},"schema":{"@context":"https:\/\/schema.org","@graph":[{"@type":"WebPage","@id":"https:\/\/alteuaire.es\/es\/como-funciona\/","url":"https:\/\/alteuaire.es\/es\/como-funciona\/","name":"Como funciona - Al teu aire - Espai L\u00fadic i Privat","isPartOf":{"@id":"https:\/\/alteuaire.es\/es\/#website"},"datePublished":"2016-02-18T08:31:59+00:00","dateModified":"2024-03-01T06:31:45+00:00","description":"La reserva la puedes hacer por tel\u00e9fono, llamando al n\u00famero 93 733 30 00. Una vez reservada la sala, el d\u00eda y la hora, recibir\u00e1s un correo electr\u00f3nico con toda la informaci\u00f3n de la reserva","breadcrumb":{"@id":"https:\/\/alteuaire.es\/es\/como-funciona\/#breadcrumb"},"inLanguage":"es","potentialAction":[{"@type":"ReadAction","target":["https:\/\/alteuaire.es\/es\/como-funciona\/"]}]},{"@type":"BreadcrumbList","@id":"https:\/\/alteuaire.es\/es\/como-funciona\/#breadcrumb","itemListElement":[{"@type":"ListItem","position":1,"name":"Inici","item":"https:\/\/alteuaire.es\/es\/"},{"@type":"ListItem","position":2,"name":"Como funciona"}]},{"@type":"WebSite","@id":"https:\/\/alteuaire.es\/es\/#website","url":"https:\/\/alteuaire.es\/es\/","name":"Al teu aire - Espai L\u00fadic i Privat","description":"Alteuaire - Sales de festes privades de lloguer per aniversaris infantils y altres celebracions.","publisher":{"@id":"https:\/\/alteuaire.es\/es\/#organization"},"potentialAction":[{"@type":"SearchAction","target":{"@type":"EntryPoint","urlTemplate":"https:\/\/alteuaire.es\/es\/?s={search_term_string}"},"query-input":{"@type":"PropertyValueSpecification","valueRequired":true,"valueName":"search_term_string"}}],"inLanguage":"es"},{"@type":"Organization","@id":"https:\/\/alteuaire.es\/es\/#organization","name":"Alteuaire franquicies - Espai l\u00fadic i privat","url":"https:\/\/alteuaire.es\/es\/","logo":{"@type":"ImageObject","inLanguage":"es","@id":"https:\/\/alteuaire.es\/es\/#\/schema\/logo\/image\/","url":"https:\/\/alteuaire.es\/wp-content\/uploads\/2016\/04\/alteauire.jpg","contentUrl":"https:\/\/alteuaire.es\/wp-content\/uploads\/2016\/04\/alteauire.jpg","width":4606,"height":1920,"caption":"Alteuaire franquicies - Espai l\u00fadic i privat"},"image":{"@id":"https:\/\/alteuaire.es\/es\/#\/schema\/logo\/image\/"},"sameAs":["https:\/\/www.facebook.com\/alteuaire.franquicies\/","https:\/\/x.com\/_alteuaire_","https:\/\/www.instagram.com\/_alteuaire_\/","https:\/\/es.pinterest.com\/alteuaire\/"]}]}},"publishpress_future_action":{"enabled":false,"date":"2026-05-06 10:31:11","action":"change-status","newStatus":"draft","terms":[],"taxonomy":"translation_priority","extraData":[]},"publishpress_future_workflow_manual_trigger":{"enabledWorkflows":[]},"_links":{"self":[{"href":"https:\/\/alteuaire.es\/es\/wp-json\/wp\/v2\/pages\/2157","targetHints":{"allow":["GET"]}}],"collection":[{"href":"https:\/\/alteuaire.es\/es\/wp-json\/wp\/v2\/pages"}],"about":[{"href":"https:\/\/alteuaire.es\/es\/wp-json\/wp\/v2\/types\/page"}],"author":[{"embeddable":true,"href":"https:\/\/alteuaire.es\/es\/wp-json\/wp\/v2\/users\/1"}],"replies":[{"embeddable":true,"href":"https:\/\/alteuaire.es\/es\/wp-json\/wp\/v2\/comments?post=2157"}],"version-history":[{"count":0,"href":"https:\/\/alteuaire.es\/es\/wp-json\/wp\/v2\/pages\/2157\/revisions"}],"wp:attachment":[{"href":"https:\/\/alteuaire.es\/es\/wp-json\/wp\/v2\/media?parent=2157"}],"curies":[{"name":"wp","href":"https:\/\/api.w.org\/{rel}","templated":true}]}}