{"id":9023,"date":"2022-02-08T08:13:20","date_gmt":"2022-02-08T07:13:20","guid":{"rendered":"https:\/\/alteuaire.es\/disponibilitat\/"},"modified":"2023-06-26T07:06:07","modified_gmt":"2023-06-26T06:06:07","slug":"disponibilidad","status":"publish","type":"page","link":"https:\/\/alteuaire.es\/es\/disponibilidad\/","title":{"rendered":"Disponibilidad"},"content":{"rendered":"<select id=\"salaid\">\n                <option value=\"0000000051\">BADALONA - SALA DON PELAYO<\/option>\n                <option value=\"0000000023\">BARBER\u00c0 - SALA N\u00c0POLS<\/option>\n                <option value=\"0000000059\">BARBER\u00c0 - LA TEVA FESTA<\/option>\n                <option value=\"0000000036\">BARCELONA - SALA COL\u00d2NIA - SANT ANDREU<\/option>\n                <option value=\"0000000031\">BARCELONA - SALA HUELVA - ST. MART\u00cd<\/option>\n                <option value=\"0000000033\">BARCELONA - SALA JOAN MALTA - EL CLOT<\/option>\n                <option value=\"0000000055\">BARCELONA - SALA LEIVA - SANTS<\/option>\n                <option value=\"0000000041\">BARCELONA - SALA MALLORCA - EIXAMPLE ESQUERRE<\/option>\n                <option value=\"0000000035\">BARCELONA - SALA MARIA BARRIENTOS - LES CORTS<\/option>\n                <option value=\"0000000043\">BARCELONA - SALA SANT PON\u00c7 - SANT ANDREU<\/option>\n                <option value=\"0000000045\">BARCELONA - SALA SUIMAR - LES CORTS<\/option>\n                <option value=\"0000000040\">BARCELONA - SALA VANIR - LES CORTS<\/option>\n                <option value=\"0000000034\">BARCELONA - SALA FAVENCIA - NOU BARRIS<\/option>\n                <option value=\"0000000039\">BARCELONA - SALA MUNA - HORTA GUINARD\u00d3<\/option>\n                <option value=\"0000000038\">BARCELONA - SALA TOSSA - HORTA GUINARD\u00d3<\/option>\n\t\t\t\t<option value=\"0000000017\">CASTELLAR - SALA BESALU<\/option>\n\t\t\t\t<option value=\"0000000063\">CASTELLAR - SALA POLIVALENT<\/option>\n                <option value=\"0000000049\">CORNELL\u00c0 - SALA LES AIG\u00dcES<\/option>\n                <option value=\"0000000050\">CORNELL\u00c0 - SALA POMPEU FABRA<\/option>\n                <option value=\"0000000027\">EL PRAT - SALA CERDANYA<\/option>\n                <option value=\"0000000032\">EL PRAT - SALA LLOBREGAT<\/option>\n                <option value=\"0000000048\">GRANOLLERS - SALA BERENGUER<\/option>\n                <option value=\"0000000056\">GRANOLLERS - SALA PONENT<\/option>\n                <option value=\"0000000029\">HOSPITALET - SALA GRAN VIA II<\/option>\n                <option value=\"0000000030\">HOSPITALET - SALA NATZARET<\/option>\n                <option value=\"0000000026\">MANRESA - SALA FRANCESC MORAGAS<\/option>\n                <option value=\"0000000037\">MATAR\u00d3 - SALA MENDEZ<\/option>\n                <option value=\"0000000046\">MATAR\u00d3 - SALA NU\u00d1EZ<\/option>\n                <option value=\"0000000024\">SABADELL - SALA RAIMON CASELLAS<\/option>\n                <option value=\"0000000025\">SABADELL - SALA GRAN VIA<\/option>\n                <option value=\"0000000053\">SANT BOI - SALA VERDAGUER<\/option>\n                <option value=\"0000000047\">SANT FELIU DE LLOBREGAT - SALA CONSTITUCI\u00d3<\/option>\n                <option value=\"0000000011\">TERRASSA - SALA NOVA<\/option>\n                <option value=\"0000000013\">TERRASSA - SALA CANVAT<\/option>\n                <option value=\"0000000012\">TERRASSA - SALA SAGU\u00c9<\/option>\n                <option value=\"0000000060\">TERRASSA - SALA POLIVALENT VERMELLA<\/option>\n                <option value=\"0000000061\">TERRASSA - SALA POLIVALENT BLAVA<\/option>\n\t\t\t\t<option value=\"0000000065\">VACARISSES - SALA VACARISSES<\/option>\n\t\t\t\t<option value=\"0000000066\">SANTA COLOMA - SALA CORLEONE<\/option>\n                <option value=\"0000000067\">SANTA COLOMA - SALA SANT JERONI<\/option>\n                <option value=\"0000000064\">TERRASSA - SALA POLIVALENT VERDA<\/option>\n                <option value=\"0000000068\">BADALONA - SALA DON NICOL\u00c1S<\/option>\n                <\/select>\n                <section class=\"section-sala\">\n                    <h3><\/h3>\n                    <div class=\"contenedor-calendario mb-4\">\n                        <div class=\"row navmes\">\n                            <div class=\"cabecera-tabla\">\n                                <div id=\"a_anterior\">\n                                    <a href=\"#\" id =\"retroceder\" class=\"controlmes\" onclick=\"cargar_mes(-1);\">\n                                    <span>\n                                        <svg aria-hidden=\"true\" focusable=\"false\" class=\"svg-anterior\" role=\"img\" xmlns=\"http:\/\/www.w3.org\/2000\/svg\" viewBox=\"0 0 320 512\"><path fill=\"currentColor\" d=\"M34.52 239.03L228.87 44.69c9.37-9.37 24.57-9.37 33.94 0l22.67 22.67c9.36 9.36 9.37 24.52.04 33.9L131.49 256l154.02 154.75c9.34 9.38 9.32 24.54-.04 33.9l-22.67 22.67c-9.37 9.37-24.57 9.37-33.94 0L34.52 272.97c-9.37-9.37-9.37-24.57 0-33.94z\"><\/path><\/svg>\n                                    <\/span>\n                                    <\/a>\n                                <\/div>\n                                <div id=\"mes\" class=\"\"><\/div>\n                                <div class=\"siguiente\">\n                                    <a href=\"#\" id =\"avanzar\" class=\"controlmes\" onclick=\"cargar_mes(1);\">\n                                        <span>\n                                            <svg aria-hidden=\"true\" focusable=\"false\" class=\"svg-siguiente\" role=\"img\" xmlns=\"http:\/\/www.w3.org\/2000\/svg\" viewBox=\"0 0 320 512\"><path fill=\"currentColor\" d=\"M285.476 272.971L91.132 467.314c-9.373 9.373-24.569 9.373-33.941 0l-22.667-22.667c-9.357-9.357-9.375-24.522-.04-33.901L188.505 256 34.484 101.255c-9.335-9.379-9.317-24.544.04-33.901l22.667-22.667c9.373-9.373 24.569-9.373 33.941 0L285.475 239.03c9.373 9.372 9.373 24.568.001 33.941z\"><\/path><\/svg>\n                                        <\/span>\n                                    <\/a>\n                                <\/div>\n                            <\/div>\n                        <\/div>\n                        <div class=\"row\">\n                            <div style=\"position:relative;\">\n                                <table class=\"table\">\n                                    <thead class=\"text-center text-secondary\"><tr><th>L<\/th><th>M<\/th><th>X<\/th><th>J<\/th><th>V<\/th><th>S<\/th><th>D<\/th><\/tr>\n                                    <\/thead>\n                                    <div id=\"overlay\">\n                                    <div class=\"cv-spinner\">\n                                        <span class=\"spinner\"><\/span>\n                                    <\/div>\n                                    <tbody id=\"calendario\">\n                                    <\/tbody>\n                                <\/table>\n                            <\/div>\n                        <\/div>\n                        <div class=\"foot-calendar\">\n                            <span>Horarios: Ma\u00f1anas, Tardes, Noches<\/span>\n                            <div class=\"row\">\n                                <div class=\"col-md-2\">\n                                    <div class=\"estados bg-success\">\n                                    <\/div>\n                                    <div>\n                                    <span>Libre<\/span>\n                                    <\/div>\n                                <\/div>\n                                <div class=\"col-md-3\">\n                                    <div class=\"estados bg-danger\">\n                                    <\/div>\n                                    <div>\n                                    <span>Reservada<\/span>\n                                    <\/div>\n                                <\/div>\n                            <\/div>\n                        <\/div>\n                    <\/div>\n                <\/section>\n                <script>\n                    jQuery(document).ready(function() {\n                        cargar_mes(0);\n                    });\n                <\/script>\n","protected":false},"excerpt":{"rendered":"BADALONA - SALA DON PELAYO BARBER\u00c0 - SALA N\u00c0POLS BARBER\u00c0 - LA TEVA FESTA BARCELONA - SALA COL\u00d2NIA - SANT ANDREU BARCELONA - SALA HUELVA - ST. MART\u00cd BARCELONA - SALA JOAN MALTA - EL CLOT BARCELONA - SALA LEIVA - SANTS BARCELONA - SALA MALLORCA - EIXAMPLE ESQUERRE BARCELONA - SALA MARIA BARRIENTOS - [...]","protected":false},"author":1,"featured_media":0,"parent":0,"menu_order":0,"comment_status":"closed","ping_status":"closed","template":"","meta":{"_acf_changed":false,"footnotes":""},"class_list":["post-9023","page","type-page","status-publish","hentry"],"acf":[],"yoast_head":"<!-- This site is optimized with the Yoast SEO plugin v26.8 - https:\/\/yoast.com\/product\/yoast-seo-wordpress\/ -->\n<title>Disponibilidad - Al teu aire - Espai L\u00fadic i Privat<\/title>\n<meta name=\"description\" content=\"Consulte la disponibilidad de nuestras salas de Al teu aire. Seleccione una sala para ver el calendario de disponibilidad correspondiente.\" \/>\n<meta name=\"robots\" content=\"index, follow, max-snippet:-1, max-image-preview:large, max-video-preview:-1\" \/>\n<link rel=\"canonical\" href=\"https:\/\/alteuaire.es\/es\/disponibilidad\/\" \/>\n<meta property=\"og:locale\" content=\"es_ES\" \/>\n<meta property=\"og:type\" content=\"article\" \/>\n<meta property=\"og:title\" content=\"Disponibilidad - Al teu aire - Espai L\u00fadic i Privat\" \/>\n<meta property=\"og:description\" content=\"Consulte la disponibilidad de nuestras salas de Al teu aire. Seleccione una sala para ver el calendario de disponibilidad correspondiente.\" \/>\n<meta property=\"og:url\" content=\"https:\/\/alteuaire.es\/es\/disponibilidad\/\" \/>\n<meta property=\"og:site_name\" content=\"Al teu aire - Espai L\u00fadic i Privat\" \/>\n<meta property=\"article:publisher\" content=\"https:\/\/www.facebook.com\/alteuaire.franquicies\/\" \/>\n<meta property=\"article:modified_time\" content=\"2023-06-26T06:06:07+00:00\" \/>\n<meta property=\"og:image\" content=\"https:\/\/alteuaire.es\/wp-content\/uploads\/2017\/08\/alteuaire-redes-sociales.jpg\" \/>\n\t<meta property=\"og:image:width\" content=\"600\" \/>\n\t<meta property=\"og:image:height\" content=\"511\" \/>\n\t<meta property=\"og:image:type\" content=\"image\/jpeg\" \/>\n<meta name=\"twitter:card\" content=\"summary_large_image\" \/>\n<meta name=\"twitter:site\" content=\"@_alteuaire_\" \/>\n<meta name=\"twitter:label1\" content=\"Tiempo de lectura\" \/>\n\t<meta name=\"twitter:data1\" content=\"1 minuto\" \/>\n<script type=\"application\/ld+json\" class=\"yoast-schema-graph\">{\"@context\":\"https:\/\/schema.org\",\"@graph\":[{\"@type\":\"WebPage\",\"@id\":\"https:\/\/alteuaire.es\/es\/disponibilidad\/\",\"url\":\"https:\/\/alteuaire.es\/es\/disponibilidad\/\",\"name\":\"Disponibilidad - Al teu aire - Espai L\u00fadic i Privat\",\"isPartOf\":{\"@id\":\"https:\/\/alteuaire.es\/es\/#website\"},\"datePublished\":\"2022-02-08T07:13:20+00:00\",\"dateModified\":\"2023-06-26T06:06:07+00:00\",\"description\":\"Consulte la disponibilidad de nuestras salas de Al teu aire. Seleccione una sala para ver el calendario de disponibilidad correspondiente.\",\"breadcrumb\":{\"@id\":\"https:\/\/alteuaire.es\/es\/disponibilidad\/#breadcrumb\"},\"inLanguage\":\"es\",\"potentialAction\":[{\"@type\":\"ReadAction\",\"target\":[\"https:\/\/alteuaire.es\/es\/disponibilidad\/\"]}]},{\"@type\":\"BreadcrumbList\",\"@id\":\"https:\/\/alteuaire.es\/es\/disponibilidad\/#breadcrumb\",\"itemListElement\":[{\"@type\":\"ListItem\",\"position\":1,\"name\":\"Inici\",\"item\":\"https:\/\/alteuaire.es\/es\/\"},{\"@type\":\"ListItem\",\"position\":2,\"name\":\"Disponibilidad\"}]},{\"@type\":\"WebSite\",\"@id\":\"https:\/\/alteuaire.es\/es\/#website\",\"url\":\"https:\/\/alteuaire.es\/es\/\",\"name\":\"Al teu aire - Espai L\u00fadic i Privat\",\"description\":\"Alteuaire - Sales de festes privades de lloguer per aniversaris infantils y altres celebracions.\",\"publisher\":{\"@id\":\"https:\/\/alteuaire.es\/es\/#organization\"},\"potentialAction\":[{\"@type\":\"SearchAction\",\"target\":{\"@type\":\"EntryPoint\",\"urlTemplate\":\"https:\/\/alteuaire.es\/es\/?s={search_term_string}\"},\"query-input\":{\"@type\":\"PropertyValueSpecification\",\"valueRequired\":true,\"valueName\":\"search_term_string\"}}],\"inLanguage\":\"es\"},{\"@type\":\"Organization\",\"@id\":\"https:\/\/alteuaire.es\/es\/#organization\",\"name\":\"Alteuaire franquicies - Espai l\u00fadic i privat\",\"url\":\"https:\/\/alteuaire.es\/es\/\",\"logo\":{\"@type\":\"ImageObject\",\"inLanguage\":\"es\",\"@id\":\"https:\/\/alteuaire.es\/es\/#\/schema\/logo\/image\/\",\"url\":\"https:\/\/alteuaire.es\/wp-content\/uploads\/2016\/04\/alteauire.jpg\",\"contentUrl\":\"https:\/\/alteuaire.es\/wp-content\/uploads\/2016\/04\/alteauire.jpg\",\"width\":4606,\"height\":1920,\"caption\":\"Alteuaire franquicies - Espai l\u00fadic i privat\"},\"image\":{\"@id\":\"https:\/\/alteuaire.es\/es\/#\/schema\/logo\/image\/\"},\"sameAs\":[\"https:\/\/www.facebook.com\/alteuaire.franquicies\/\",\"https:\/\/x.com\/_alteuaire_\",\"https:\/\/www.instagram.com\/_alteuaire_\/\",\"https:\/\/es.pinterest.com\/alteuaire\/\"]}]}<\/script>\n<!-- \/ Yoast SEO plugin. -->","yoast_head_json":{"title":"Disponibilidad - Al teu aire - Espai L\u00fadic i Privat","description":"Consulte la disponibilidad de nuestras salas de Al teu aire. Seleccione una sala para ver el calendario de disponibilidad correspondiente.","robots":{"index":"index","follow":"follow","max-snippet":"max-snippet:-1","max-image-preview":"max-image-preview:large","max-video-preview":"max-video-preview:-1"},"canonical":"https:\/\/alteuaire.es\/es\/disponibilidad\/","og_locale":"es_ES","og_type":"article","og_title":"Disponibilidad - Al teu aire - Espai L\u00fadic i Privat","og_description":"Consulte la disponibilidad de nuestras salas de Al teu aire. Seleccione una sala para ver el calendario de disponibilidad correspondiente.","og_url":"https:\/\/alteuaire.es\/es\/disponibilidad\/","og_site_name":"Al teu aire - Espai L\u00fadic i Privat","article_publisher":"https:\/\/www.facebook.com\/alteuaire.franquicies\/","article_modified_time":"2023-06-26T06:06:07+00:00","og_image":[{"width":600,"height":511,"url":"https:\/\/alteuaire.es\/wp-content\/uploads\/2017\/08\/alteuaire-redes-sociales.jpg","type":"image\/jpeg"}],"twitter_card":"summary_large_image","twitter_site":"@_alteuaire_","twitter_misc":{"Tiempo de lectura":"1 minuto"},"schema":{"@context":"https:\/\/schema.org","@graph":[{"@type":"WebPage","@id":"https:\/\/alteuaire.es\/es\/disponibilidad\/","url":"https:\/\/alteuaire.es\/es\/disponibilidad\/","name":"Disponibilidad - Al teu aire - Espai L\u00fadic i Privat","isPartOf":{"@id":"https:\/\/alteuaire.es\/es\/#website"},"datePublished":"2022-02-08T07:13:20+00:00","dateModified":"2023-06-26T06:06:07+00:00","description":"Consulte la disponibilidad de nuestras salas de Al teu aire. Seleccione una sala para ver el calendario de disponibilidad correspondiente.","breadcrumb":{"@id":"https:\/\/alteuaire.es\/es\/disponibilidad\/#breadcrumb"},"inLanguage":"es","potentialAction":[{"@type":"ReadAction","target":["https:\/\/alteuaire.es\/es\/disponibilidad\/"]}]},{"@type":"BreadcrumbList","@id":"https:\/\/alteuaire.es\/es\/disponibilidad\/#breadcrumb","itemListElement":[{"@type":"ListItem","position":1,"name":"Inici","item":"https:\/\/alteuaire.es\/es\/"},{"@type":"ListItem","position":2,"name":"Disponibilidad"}]},{"@type":"WebSite","@id":"https:\/\/alteuaire.es\/es\/#website","url":"https:\/\/alteuaire.es\/es\/","name":"Al teu aire - Espai L\u00fadic i Privat","description":"Alteuaire - Sales de festes privades de lloguer per aniversaris infantils y altres celebracions.","publisher":{"@id":"https:\/\/alteuaire.es\/es\/#organization"},"potentialAction":[{"@type":"SearchAction","target":{"@type":"EntryPoint","urlTemplate":"https:\/\/alteuaire.es\/es\/?s={search_term_string}"},"query-input":{"@type":"PropertyValueSpecification","valueRequired":true,"valueName":"search_term_string"}}],"inLanguage":"es"},{"@type":"Organization","@id":"https:\/\/alteuaire.es\/es\/#organization","name":"Alteuaire franquicies - Espai l\u00fadic i privat","url":"https:\/\/alteuaire.es\/es\/","logo":{"@type":"ImageObject","inLanguage":"es","@id":"https:\/\/alteuaire.es\/es\/#\/schema\/logo\/image\/","url":"https:\/\/alteuaire.es\/wp-content\/uploads\/2016\/04\/alteauire.jpg","contentUrl":"https:\/\/alteuaire.es\/wp-content\/uploads\/2016\/04\/alteauire.jpg","width":4606,"height":1920,"caption":"Alteuaire franquicies - Espai l\u00fadic i privat"},"image":{"@id":"https:\/\/alteuaire.es\/es\/#\/schema\/logo\/image\/"},"sameAs":["https:\/\/www.facebook.com\/alteuaire.franquicies\/","https:\/\/x.com\/_alteuaire_","https:\/\/www.instagram.com\/_alteuaire_\/","https:\/\/es.pinterest.com\/alteuaire\/"]}]}},"publishpress_future_action":{"enabled":false,"date":"2026-05-06 10:47:24","action":"change-status","newStatus":"draft","terms":[],"taxonomy":"translation_priority","extraData":[]},"publishpress_future_workflow_manual_trigger":{"enabledWorkflows":[]},"_links":{"self":[{"href":"https:\/\/alteuaire.es\/es\/wp-json\/wp\/v2\/pages\/9023","targetHints":{"allow":["GET"]}}],"collection":[{"href":"https:\/\/alteuaire.es\/es\/wp-json\/wp\/v2\/pages"}],"about":[{"href":"https:\/\/alteuaire.es\/es\/wp-json\/wp\/v2\/types\/page"}],"author":[{"embeddable":true,"href":"https:\/\/alteuaire.es\/es\/wp-json\/wp\/v2\/users\/1"}],"replies":[{"embeddable":true,"href":"https:\/\/alteuaire.es\/es\/wp-json\/wp\/v2\/comments?post=9023"}],"version-history":[{"count":0,"href":"https:\/\/alteuaire.es\/es\/wp-json\/wp\/v2\/pages\/9023\/revisions"}],"wp:attachment":[{"href":"https:\/\/alteuaire.es\/es\/wp-json\/wp\/v2\/media?parent=9023"}],"curies":[{"name":"wp","href":"https:\/\/api.w.org\/{rel}","templated":true}]}}